{"id":49127,"date":"2025-03-12T11:31:25","date_gmt":"2025-03-12T08:31:25","guid":{"rendered":"https:\/\/isotec.com.tr\/?page_id=49127"},"modified":"2025-03-14T08:14:35","modified_gmt":"2025-03-14T05:14:35","slug":"kvkk","status":"publish","type":"page","link":"https:\/\/isotec.com.tr\/de\/startseite\/kvkk\/","title":{"rendered":"KVKK"},"content":{"rendered":"<p><span style=\"font-family: helvetica, arial, sans-serif;\"><b>ISOTEC ENERGY AG<\/b><\/span><\/p>\n<p><span style=\"font-family: helvetica, arial, sans-serif;\"><b>IM RAHMEN DES DATENSCHUTZGESETZES<\/b><b><\/b><\/span><\/p>\n<p><span style=\"font-family: helvetica, arial, sans-serif;\"><b>DATENSCHUTZRICHTLINIE<\/b><\/span><\/p>\n<p><span style=\"font-family: helvetica, arial, sans-serif;\">Diese Datenschutzrichtlinie wird von \u0130sotec Enerji Anonim \u015eirketi (\u201e\u0130sotec Enerji Anonim \u015eirketi\u201c) im Rahmen des Gesetzes zum Schutz personenbezogener Daten Nr. 6698 erstellt.<b>Unternehmen<\/b>\u201d) und ist auf der offiziellen Website des Unternehmens www.isotec.com.tr verf\u00fcgbar (\u201e<b>Webseite<\/b>\u201e) Die Inhalte auf der Adresse, Benutzer, Besucher, Mitglieder und andere Personen (\u201e<b>Benutzer oder Ansprechpartner<\/b>\u201e) legt die Bedingungen f\u00fcr die Verarbeitung und \u00dcbermittlung personenbezogener Daten durch das Unternehmen fest, die der Benutzer w\u00e4hrend der Nutzung mit dem Unternehmen teilt oder generiert.<\/span><\/p>\n<p><span style=\"font-family: helvetica, arial, sans-serif;\">Ihre personenbezogenen Daten werden von unserem Unternehmen als Verantwortlichem gem\u00e4\u00df dem Datenschutzgesetz und den nachstehenden Erl\u00e4uterungen verarbeitet. Anonymisierte Daten gelten laut Gesetz nicht als personenbezogene Daten und die Verarbeitung dieser Daten erfolgt ohne Bindung an die Bestimmungen der Datenschutzrichtlinie.\u00a0<\/span><\/p>\n<ol>\n<li><span style=\"font-family: helvetica, arial, sans-serif;\"><b><\/b><b>Zwecke der Verarbeitung personenbezogener Daten:<\/b><\/span><\/li>\n<\/ol>\n<p><span style=\"font-family: helvetica, arial, sans-serif;\">Ihre personenbezogenen Daten, wie im Informationstext definiert, werden verwendet, um die dem Benutzer auf der Website des Unternehmens angebotenen Dienste zu verbessern und weiterzuentwickeln. Den Benutzer zu informieren, der seine Anfragen und Beschwerden einreicht, und die M\u00f6glichkeit zu haben, mit dem Benutzer Kontakt aufzunehmen; Bereitstellung einer besseren Qualit\u00e4t und eines personalisierten Dienstes f\u00fcr den Benutzer; Um den Benutzer zu Marketingzwecken zu informieren und zu kontaktieren, sofern dies in den entsprechenden Abschnitten der Website mitgeteilt wird und die Zustimmung erteilt wurde; Um Sicherheitsl\u00fccken der Website schnellstm\u00f6glich zu beheben, das Benutzererlebnis zu verbessern, auf der Website auftretende Fehler zu beheben, Benutzerdaten zu interpretieren und Marketingrichtlinien zu planen und umzusetzen; Planung und Umsetzung der Personalpolitik; Durchf\u00fchrung von Berichts- und Gesch\u00e4ftsentwicklungsaktivit\u00e4ten und Erstellen einer Datenbank; Um die Funktionsweise der Unternehmenspolitik von Isotec Energy Inc. sicherzustellen, verarbeitet Isotec Energy Inc. personenbezogene Daten nur zu den in der auf der Website www.isotec.com.tr ver\u00f6ffentlichten Richtlinie zur Verarbeitung personenbezogener Daten angegebenen Zwecken.\u00a0<\/span><\/p>\n<p><span style=\"font-family: helvetica, arial, sans-serif;\">Falls eine der im zweiten Absatz von Artikel 5 und im dritten Absatz von Artikel 6 des Gesetzes genannten Bedingungen erf\u00fcllt ist, k\u00f6nnen personenbezogene Daten vom Unternehmen ohne die ausdr\u00fcckliche Zustimmung des Benutzers verarbeitet werden.\u00a0<\/span><\/p>\n<ol start=\"2\">\n<li><span style=\"font-family: helvetica, arial, sans-serif;\"><b><\/b><b>\u00dcbermittlung personenbezogener Daten:<\/b><\/span><\/li>\n<\/ol>\n<p><span style=\"font-family: helvetica, arial, sans-serif;\">Unternehmen; die oben genannten und\u00a0<a href=\"https:\/\/isotec.com.tr\/de\/\">www.isotec.com.t ist<\/a> Personenbezogene Daten, die auf die in der Richtlinie zur Verarbeitung personenbezogener Daten von Isotec Energy Inc. angegebenen Zwecke beschr\u00e4nkt sind und \u00fcber die Internetadresse weitergegeben werden; Es kann Ihre personenbezogenen Daten an Dritte weitergeben, von denen es Dienstleistungen erh\u00e4lt (wie etwa Callcenter, Arbeitsschutz, Sicherheit, Gesundheitswesen, Anwaltskanzleien, Serviceprovider, Hosting-Dienstleister). Beschr\u00e4nkt auf die oben genannten Zwecke akzeptiert der Benutzer, dass seine personenbezogenen Daten vom Unternehmen gem\u00e4\u00df dem Gesetz auf Servern an beliebigen Standorten gespeichert werden k\u00f6nnen, die Dritten geh\u00f6ren, und dass er seiner Verpflichtung nachgekommen ist, \u0130sotec Enerji Anonim \u015eirketi diesbez\u00fcglich zu informieren, und dem zustimmt.\u00a0<\/span><\/p>\n<p><span style=\"font-family: helvetica, arial, sans-serif;\">Das Unternehmen kann personenbezogene Daten ohne die ausdr\u00fcckliche Zustimmung des Benutzers an Dritte weitergeben, sofern eine der in Artikel 5 Absatz 2 und Artikel 6 Absatz 3 des Gesetzes genannten Bedingungen erf\u00fcllt ist und, falls erforderlich, die Einhaltung von Artikel 9 Absatz 2 des Gesetzes sichergestellt wird.<\/span><\/p>\n<ol start=\"3\">\n<li><span style=\"font-family: helvetica, arial, sans-serif;\"><b><\/b><b>Verarbeitete personenbezogene Daten:<\/b><\/span><\/li>\n<\/ol>\n<p><span style=\"font-family: helvetica, arial, sans-serif;\">Abh\u00e4ngig vom Zugriff des Benutzers auf die Website und den Transaktionen, die er\/sie auf der Website durchf\u00fchrt, kann das Unternehmen:<\/span><\/p>\n<ul>\n<li><span style=\"font-family: helvetica, arial, sans-serif;\">Identit\u00e4tsinformationen,<span class=\"Apple-converted-space\">\u00a0<\/span><\/span><\/li>\n<li><span style=\"font-family: helvetica, arial, sans-serif;\">Informationen zur Bewegung vor Ort,<span class=\"Apple-converted-space\">\u00a0<\/span><\/span><\/li>\n<li><span style=\"font-family: helvetica, arial, sans-serif;\">IP-Informationen,<span class=\"Apple-converted-space\">\u00a0<\/span><\/span><\/li>\n<li><span style=\"font-family: helvetica, arial, sans-serif;\">Benutzerinformationen,<\/span><\/li>\n<li><span style=\"font-family: helvetica, arial, sans-serif;\">Rechtstransaktionsinformationen,<\/span><\/li>\n<li><span style=\"font-family: helvetica, arial, sans-serif;\">Kontakt- und Adressinformationen,<\/span><\/li>\n<li><span style=\"font-family: helvetica, arial, sans-serif;\">Es k\u00f6nnen Informationen zum Anfrage-\/Beschwerdemanagement sowie personenbezogene Daten verarbeitet werden, die f\u00fcr \u0130sotec Enerji Anonim \u015eirketi erforderlich sein k\u00f6nnen, um die Website gem\u00e4\u00df dem Gesetz zum Schutz personenbezogener Daten zu betreiben.<\/span><\/li>\n<\/ul>\n<ol start=\"4\">\n<li><span style=\"font-family: helvetica, arial, sans-serif;\"><b><\/b><b>Kekse:<\/b><\/span><\/li>\n<\/ol>\n<p><span style=\"font-family: helvetica, arial, sans-serif;\">Cookies sind Informationsdateien, die aus kleinen Partikeln bestehen, die von Servern an Benutzer gesendet werden. In diesem Zusammenhang speichert das Unternehmen bestimmte Informationen auf dem Computer, Telefon usw. des Benutzers. Es speichert sie in Form von Textdateien f\u00fcr einen festgelegten Zeitraum an bestimmten Orten und greift bei Bedarf erneut darauf zu.<\/span><\/p>\n<p><span style=\"font-family: helvetica, arial, sans-serif;\">Personenbezogene Daten zu den vom Benutzer beim Surfen auf der Website durchgef\u00fchrten Transaktionen k\u00f6nnen von \u0130sotec Enerji Anonim \u015eirketi zu den unten aufgef\u00fchrten Zwecken verarbeitet und zu diesem Zweck an Dritte weitergegeben werden. In diesem Zusammenhang, um dem Benutzer besondere Dienste bereitzustellen und die Servicequalit\u00e4t \u00fcber die Website der Isotec Energy Joint Stock Company zu verbessern; um Sonderaktionen durchzuf\u00fchren; um die Seiteninhalte entsprechend den W\u00fcnschen des Benutzers zu verbessern; Verbesserung der Benutzererfahrung; kann die Browserinformationen und den Nutzungsverlauf des Benutzers auf der Website verfolgen, um Werbe- und Marketingvorschl\u00e4ge zu unterbreiten; Es kann die vom Benutzer gesammelten Informationen verarbeiten und zusammen mit Informationen verwenden, die aus anderen Quellen, beispielsweise von Dritten, stammen.<\/span><\/p>\n<p><span style=\"font-family: helvetica, arial, sans-serif;\">Der Benutzer akzeptiert, erkl\u00e4rt und stimmt der Verarbeitung der Daten, die er\/sie m\u00f6glicherweise mit \u0130sotec Enerji Anonim \u015eirketi teilt, f\u00fcr die in dieser Datenschutzrichtlinie festgelegten Zwecke ausdr\u00fccklich zu.<\/span><\/p>\n<p><span style=\"font-family: helvetica, arial, sans-serif;\">Benutzer k\u00f6nnen ihre Browsereinstellungen so \u00e4ndern, dass sie keine Cookies akzeptieren oder beim Senden einer Meldung benachrichtigt werden.<\/span><\/p>\n<ol start=\"5\">\n<li><span style=\"font-family: helvetica, arial, sans-serif;\"><b><\/b><b>Rechte der betroffenen Person gem\u00e4\u00df Artikel 11 des Gesetzes:<\/b><\/span><\/li>\n<\/ol>\n<p><span style=\"font-family: helvetica, arial, sans-serif;\">Das Unternehmen informiert die relevante Person \u00fcber ihre Rechte gem\u00e4\u00df Artikel 10 des Gesetzes. Es bietet Anleitungen zur Aus\u00fcbung dieser Rechte und trifft die erforderlichen internen Funktions-, Verwaltungs- und technischen Vorkehrungen f\u00fcr all diese Rechte.<\/span><\/p>\n<p><span style=\"font-family: helvetica, arial, sans-serif;\"><b>ISOTEC Energie GmbH <\/b><b>Gem\u00e4\u00df Artikel 11 des Gesetzes Personen, deren personenbezogene Daten erhoben werden;<\/b><\/span><\/p>\n<ul>\n<li><span style=\"font-family: helvetica, arial, sans-serif;\">Erfahren, ob personenbezogene Daten verarbeitet werden,<\/span><\/li>\n<li><span style=\"font-family: helvetica, arial, sans-serif;\">Auskunft \u00fcber die Verarbeitung personenbezogener Daten zu verlangen,<\/span><\/li>\n<li><span style=\"font-family: helvetica, arial, sans-serif;\">Um zu erfahren, zu welchem Zweck personenbezogene Daten verarbeitet werden und ob sie ihrem Zweck entsprechend verwendet werden,<\/span><\/li>\n<li><span style=\"font-family: helvetica, arial, sans-serif;\">Um die Drittparteien zu kennen, an die personenbezogene Daten im In- und Ausland \u00fcbermittelt werden,<\/span><\/li>\n<li><span style=\"font-family: helvetica, arial, sans-serif;\">Die Berichtigung unvollst\u00e4ndiger oder unrichtig verarbeiteter personenbezogener Daten zu verlangen,<\/span><\/li>\n<li><span style=\"font-family: helvetica, arial, sans-serif;\">Fordern Sie die L\u00f6schung oder Vernichtung personenbezogener Daten im Rahmen der in Artikel 7 des Gesetzes festgelegten Bedingungen an.<\/span><\/li>\n<li><span style=\"font-family: helvetica, arial, sans-serif;\">Fordern Sie, dass die gem\u00e4\u00df Artikel 11 Unterabs\u00e4tze (d) und (e) des Gesetzes durchgef\u00fchrten Transaktionen Dritten mitgeteilt werden, an die personenbezogene Daten \u00fcbermittelt wurden.<\/span><\/li>\n<li><span style=\"font-family: helvetica, arial, sans-serif;\">Einspruch gegen ein Ergebnis zu erheben, das zum Nachteil der Person selbst ist, da die Analyse der verarbeiteten Daten ausschlie\u00dflich durch automatisierte Systeme erfolgt,<\/span><\/li>\n<li><span style=\"font-family: helvetica, arial, sans-serif;\">Erkl\u00e4rt, dass sie das Recht haben, im Falle von Sch\u00e4den aufgrund der unrechtm\u00e4\u00dfigen Verarbeitung personenbezogener Daten Schadensersatz zu verlangen.<\/span><\/li>\n<\/ul>\n<ol start=\"6\">\n<li><span style=\"font-family: helvetica, arial, sans-serif;\"><b><\/b><b>ISOTEC Energie GmbH<\/b><b>Bewerbung an:<\/b><\/span><\/li>\n<\/ol>\n<p><span style=\"font-family: helvetica, arial, sans-serif;\">Die betroffene Person kann ihre Anfragen bez\u00fcglich der Umsetzung des Gesetzes einreichen, indem sie das auf der Website verf\u00fcgbare Antragsformular f\u00fcr betroffene Personen zum Schutz personenbezogener Daten (\u201eAntragsformular an den Datenverantwortlichen\u201c) ausf\u00fcllt und es in der im Antragsformular angegebenen Weise an das Unternehmen \u00fcbermittelt. Das Unternehmen bearbeitet die in der Anwendung enthaltenen Anfragen schnellstm\u00f6glich und je nach Art der Anfrage sp\u00e4testens innerhalb von drei\u00dfig Tagen kostenlos. Wenn jedoch f\u00fcr die Transaktion zus\u00e4tzliche Kosten anfallen, kann eine Geb\u00fchr gem\u00e4\u00df dem vom Vorstand festgelegten Tarif erhoben werden. Das Unternehmen kann auf derartige Anfragen in der im Antragsformular angegebenen Weise antworten.<\/span><\/p>\n<p><span style=\"font-family: helvetica, arial, sans-serif;\">In F\u00e4llen, in denen der Antrag abgelehnt wird, die Antwort als unzureichend erachtet wird oder der Antrag nicht fristgerecht beantwortet wird; Die betroffene Person kann innerhalb von drei\u00dfig Tagen ab dem Datum, an dem sie von der Antwort von Isotec Energy Inc. Kenntnis erlangt hat, und in jedem Fall innerhalb von sechzig Tagen ab dem Datum der Antragstellung eine Beschwerde beim Vorstand einreichen. Ohne Aussch\u00f6pfung der oben genannten Rechtsmittel k\u00f6nnen keine Beschwerden eingereicht werden.<\/span><\/p>\n<ol start=\"7\">\n<li><span style=\"font-family: helvetica, arial, sans-serif;\"><b><\/b><b>Speicherdauer personenbezogener Daten; L\u00f6schung, Vernichtung oder Anonymisierung:<\/b><\/span><\/li>\n<\/ol>\n<ul>\n<li><span style=\"font-family: helvetica, arial, sans-serif;\">Die Zwecke der Verarbeitung personenbezogener Daten wurden erreicht,<\/span><\/li>\n<li><span style=\"font-family: helvetica, arial, sans-serif;\">Es besteht keine M\u00f6glichkeit der Realisierung,<\/span><\/li>\n<li><span style=\"font-family: helvetica, arial, sans-serif;\">Die f\u00fcr die Erbringung der von Isotec Energy Anonim \u015eirketi an den Benutzer erbrachten Dienstleistung erforderliche Frist ist abgelaufen oder<span class=\"Apple-converted-space\">\u00a0<\/span><\/span><\/li>\n<li><span style=\"font-family: helvetica, arial, sans-serif;\">Wenn die durch die einschl\u00e4gigen Gesetze und \u0130sotec Enerji Anonim \u015eirketi festgelegten Aufbewahrungsfristen abgelaufen sind, werden personenbezogene Daten gel\u00f6scht, vernichtet oder anonymisiert. Diese personenbezogenen Daten d\u00fcrfen nur zu Beweiszwecken im Rahmen m\u00f6glicher Rechtsstreitigkeiten oder zur Aus\u00fcbung eines entsprechenden Rechts in Bezug auf personenbezogene Daten gespeichert werden.<\/span><\/li>\n<\/ul>\n<ol start=\"8\">\n<li><span style=\"font-family: helvetica, arial, sans-serif;\"><b><\/b><b>Methode zur Erhebung personenbezogener Daten, rechtliche Gr\u00fcnde und Datensicherheit:<\/b><\/span><\/li>\n<\/ol>\n<p><span style=\"font-family: helvetica, arial, sans-serif;\">Personenbezogene Daten; Sie werden in allen Arten m\u00fcndlicher, schriftlicher und elektronischer Medien f\u00fcr die oben genannten Zwecke gesammelt und vom Unternehmen oder beauftragten Datenverarbeitern verarbeitet.<\/span><\/p>\n<ol start=\"9\">\n<li><span style=\"font-family: helvetica, arial, sans-serif;\"><b><\/b><b>Um die Datensicherheit zu gew\u00e4hrleisten, muss das Unternehmen:<\/b><\/span><\/li>\n<\/ol>\n<ul>\n<li style=\"list-style-type: none;\">\n<ul>\n<li><span style=\"font-family: helvetica, arial, sans-serif;\">Um die unrechtm\u00e4\u00dfige Verarbeitung personenbezogener Daten zu verhindern,<\/span><\/li>\n<li><span style=\"font-family: helvetica, arial, sans-serif;\">Um einen unberechtigten Zugriff auf personenbezogene Daten zu verhindern,<\/span><\/li>\n<li><span style=\"font-family: helvetica, arial, sans-serif;\">Um den Schutz personenbezogener Daten zu gew\u00e4hrleisten,<\/span><\/li>\n<li><span style=\"font-family: helvetica, arial, sans-serif;\">Sie muss alle notwendigen technischen und administrativen Ma\u00dfnahmen ergreifen, um ein angemessenes Sicherheitsniveau zu gew\u00e4hrleisten.<\/span><\/li>\n<\/ul>\n<\/li>\n<\/ul>\n<p><span style=\"font-family: helvetica, arial, sans-serif;\"><b>Im Falle einer Weiterleitung zu anderen Websites oder Anwendungen \u00fcber die Website <\/b><b>ISOTEC Energie GmbH <\/b><b>Sie hat keine Kenntnis \u00fcber die Einhaltung der Rechtsvorschriften zum Schutz personenbezogener Daten durch die genannten Websites und Anwendungen und ist nicht f\u00fcr deren Datenschutzrichtlinien und Inhalte verantwortlich.<\/b><\/span><\/p>\n<p><span style=\"font-family: helvetica, arial, sans-serif;\"><b>ISOTEC Energie GmbH <\/b><b>Die Datenschutzrichtlinie beh\u00e4lt sich das Recht vor, ihre Bestimmungen ohne vorherige Ank\u00fcndigung zu \u00e4ndern.<\/b><\/span><\/p>\n<p><span style=\"font-family: helvetica, arial, sans-serif;\"><b>Benutzer, <\/b><b>ISOTEC Energie GmbH <\/b><b>Er\/sie erkl\u00e4rt, dass er\/sie alle in der Datenschutzrichtlinie der Website aufgef\u00fchrten Bedingungen gelesen und akzeptiert hat, dass er\/sie durch diese Datenschutzrichtlinie \u00fcber die Verarbeitung seiner\/ihrer personenbezogenen Daten informiert wurde und dass er\/sie die Verwendung seiner\/ihrer personenbezogenen Daten gem\u00e4\u00df den Angaben in der Datenschutzrichtlinie akzeptiert und ihr zustimmt.<\/b><\/span><\/p>\n<p>&nbsp;<\/p>\n<p><b>ISOTEC ENERGY AG<\/b><\/p>\n<p><b>VERARBEITUNG PERSONENBEZOGENER DATEN<span class=\"Apple-converted-space\">\u00a0<\/span><\/b><\/p>\n<p><b>INFORMATIONSTEXT<\/b><\/p>\n<p>Isotec Energy Joint Stock Company (im Folgenden <b>&quot;Unternehmen&quot;<\/b> ), Gesetz zum Schutz personenbezogener Daten Nr. 6698 (nachfolgend bezeichnet als \u201e<b>Gesetz<\/b>\u201e(Bezeichnet als), in \u00dcbereinstimmung mit dem Gesetz und den Regeln der Ehrlichkeit; richtig und, soweit erforderlich, aktuell sein; f\u00fcr bestimmte, eindeutige und legitime Zwecke; in begrenzter, angemessener und zielgerichteter Weise; Es f\u00fchrt Aktivit\u00e4ten zur Verarbeitung personenbezogener Daten gem\u00e4\u00df Artikel 20 der Verfassung der Republik T\u00fcrkei Nr. 2709 und Artikel 4 des Gesetzes durch, indem es personenbezogene Daten f\u00fcr einen begrenzten Zeitraum aufbewahrt, wie es in den Gesetzen festgelegt ist oder zum Zweck der Verarbeitung personenbezogener Daten erforderlich ist.<span class=\"Apple-converted-space\">\u00a0<\/span><\/p>\n<p><b>Dieser Informationstext, <\/b><b>Isotec Energy Inc.<\/b> <b>Es wurde auf Grundlage von Artikel 10 mit dem Titel \u201eInformationspflicht des Datenverantwortlichen\u201c des Gesetzes Nr. 6698 zum Schutz personenbezogener Daten und des entsprechenden Kommuniqu\u00e9s erstellt.<\/b><\/p>\n<ol>\n<li><b>Definitionen<\/b><b><\/b><\/li>\n<\/ol>\n<ol>\n<li><b>Verantwortlicher:<\/b> Es ist die nat\u00fcrliche oder juristische Person, die \u00fcber die Zwecke und Mittel der Verarbeitung personenbezogener Daten entscheidet und f\u00fcr die Einrichtung und Verwaltung des Datenerfassungssystems verantwortlich ist.<\/li>\n<\/ol>\n<ol start=\"2\">\n<li><b>Personenbezogene Daten:<\/b> Es handelt sich dabei um alle Informationen, die sich auf eine identifizierte oder identifizierbare reale Person beziehen. Daten wie Name, Nachname, Geburtsdatum, Geburtsort, Informationen zu den k\u00f6rperlichen, wirtschaftlichen, famili\u00e4ren und sonstigen Merkmalen der Person, Telefonnummer und Identit\u00e4tsnummer sind \u201epersonenbezogene Daten\u201c.<\/li>\n<\/ol>\n<ol start=\"3\">\n<li><b>Besondere personenbezogene Daten:<\/b> Daten \u00fcber die Rasse, ethnische Herkunft, politische Ansichten, philosophischen \u00dcberzeugungen, Religion, Sekte oder andere \u00dcberzeugungen, Aussehen und Kleidung, Mitgliedschaft in Vereinen, Stiftungen oder Gewerkschaften, Gesundheit, Sexualleben, strafrechtliche Verurteilungen und Sicherheitsma\u00dfnahmen von Personen sowie biometrische und genetische Daten.<\/li>\n<\/ol>\n<ol start=\"4\">\n<li><b>Datenaufzeichnungssystem:<\/b> Darunter versteht man das Erfassungssystem, in dem personenbezogene Daten nach bestimmten Kriterien strukturiert und verarbeitet werden. Diese Systeme k\u00f6nnen in physischen oder elektronischen Umgebungen erstellt werden.<\/li>\n<\/ol>\n<ol start=\"2\">\n<li><b>Verantwortlicher und Vertreter<span class=\"Apple-converted-space\">\u00a0<\/span><\/b><b><\/b><\/li>\n<\/ol>\n<p>Ihre personenbezogenen Daten werden von unserem Unternehmen als Datenverantwortlichem gem\u00e4\u00df dem Gesetz zum Schutz personenbezogener Daten und gem\u00e4\u00df den unten erl\u00e4uterten Verfahren verarbeitet.<\/p>\n<p>Datenverantwortlicher: Isotec Energy Inc.<span class=\"Apple-converted-space\">\u00a0<\/span><\/p>\n<p>Adresse: \u00c7erke\u015fli Osb Mah. Imes-19 Cad. A Block Nr.: 18 Dilovas\u0131 \/ KOCAEL\u0130<\/p>\n<p>Finanzamt: Finanzamt Ulu\u00e7\u0131nar<\/p>\n<p>Steueridentifikationsnummer : 4811429316<\/p>\n<p>Telefon: +90 262 244 43 09<span class=\"Apple-converted-space\">\u00a0<\/span><\/p>\n<p>E-Mail-Adresse: m<span data-teams=\"true\">uhasebe@isotec.com.tr<\/span><\/p>\n<p>Kep-Adresse: <span data-teams=\"true\">mailto:isotec@hs01.kep.tr<\/span><\/p>\n<ol start=\"3\">\n<li><b>Zwecke der Verarbeitung personenbezogener Daten<\/b><b><\/b><\/li>\n<\/ol>\n<p>Ihre personenbezogenen Daten; unsere Personalpolitik bestm\u00f6glich zu planen und umzusetzen; korrekte Planung und Umsetzung unserer kommerziellen Partnerschaften und Strategien; Gew\u00e4hrleistung der rechtlichen, kommerziellen und physischen Sicherheit unseres Unternehmens und unserer Gesch\u00e4ftspartner, Sicherstellung der Unternehmensfunktionalit\u00e4t und Einsatz daf\u00fcr, dass Sie den bestm\u00f6glichen Nutzen aus den von unserem Unternehmen angebotenen Produkten und Dienstleistungen ziehen; Um Ihnen die von unserem Unternehmen angebotenen Produkte und Dienstleistungen zu empfehlen, indem wir sie an Ihre Anforderungen, Bed\u00fcrfnisse, Nutzungsgewohnheiten und W\u00fcnsche anpassen; Gew\u00e4hrleistung der Datensicherheit auf h\u00f6chstem Niveau, Erstellung von Datenbanken, Verbesserung der auf der Website unseres Unternehmens angebotenen Dienste, Kommunikation mit denjenigen, die ihre Anfragen und Beschwerden an unser Unternehmen richten, Beseitigung von Fehlern auf der Website unseres Unternehmens und <a href=\"https:\/\/isotec.com.tr\/de\/\">www.isotec.com.t ist<\/a> Die Verarbeitung erfolgt im Rahmen der in den Artikeln 5 und 6 des Gesetzes festgelegten Bedingungen f\u00fcr die Verarbeitung personenbezogener Daten, um die Einhaltung der Bestimmungen der unter der Internetadresse ver\u00f6ffentlichten Richtlinie zur Verarbeitung personenbezogener Daten von \u0130sotec Enerji Anonim \u015eirketi zu gew\u00e4hrleisten.<\/p>\n<ol start=\"4\">\n<li><b>An wen und zu welchen Zwecken d\u00fcrfen verarbeitete personenbezogene Daten \u00fcbermittelt werden?<\/b><\/li>\n<\/ol>\n<p>Ihre personenbezogenen Daten; an unsere Gesellschafter, Gesch\u00e4ftspartner, Lieferanten, Konzernunternehmen, verbundene Unternehmen, Unternehmen und Institutionen, mit denen wir kooperieren, Unternehmen, von denen wir zur Erf\u00fcllung unserer vertraglichen oder gesetzlichen Pflichten (z. B. in Bereichen wie Sicherheit, Gesundheit, Arbeitsschutz, Recht etc.) Dienstleistungen beziehen,<span class=\"Apple-converted-space\">\u00a0 <\/span>Die Weitergabe erfolgt an autorisierte Institutionen und Organisationen im Rahmen der in den Artikeln 8 und 9 des Gesetzes festgelegten Bedingungen und beschr\u00e4nkt sich auf die in Artikel b dieses Textes festgelegten Zwecke.<\/p>\n<ol start=\"5\">\n<li><b>Methode und Rechtsgrundlage f\u00fcr die Erhebung personenbezogener Daten<\/b><\/li>\n<\/ol>\n<p>Ihre personenbezogenen Daten; in allen Arten m\u00fcndlicher, schriftlicher und elektronischer Medien; Die Datenerhebung erfolgt auf verschiedene Weise, beispielsweise durch technische und andere Methoden, Callcenter, die Website unseres Unternehmens und mobile Anwendungen. Die Datenerhebung erfolgt im Rahmen der gesetzlichen Bestimmungen, Vertr\u00e4ge, Anfragen und Anforderungen, ist auf die in der Datenverarbeitungsrichtlinie unseres Unternehmens angegebenen Zwecke beschr\u00e4nkt und wird von unserem Unternehmen oder von von unserem Unternehmen beauftragten Datenverarbeitern durchgef\u00fchrt.<\/p>\n<ol start=\"6\">\n<li><b>Rechte des Inhabers personenbezogener Daten gem\u00e4\u00df Artikel 11 des Gesetzes<\/b><\/li>\n<\/ol>\n<p>Unser Unternehmen informiert Sie \u00fcber Ihre Rechte gem\u00e4\u00df Artikel 10 des Gesetzes; Es bietet Anleitungen zur Aus\u00fcbung dieser Rechte und trifft die erforderlichen internen Funktions-, Verwaltungs- und technischen Vorkehrungen f\u00fcr all diese Rechte. Unser Unternehmen stellt Personen, deren personenbezogene Daten gem\u00e4\u00df Artikel 11 des Gesetzes erhoben werden, Folgendes zur Verf\u00fcgung:<span class=\"Apple-converted-space\">\u00a0<\/span><\/p>\n<ul>\n<li>Erfahren, ob personenbezogene Daten verarbeitet werden,<span class=\"Apple-converted-space\">\u00a0<\/span><\/li>\n<li>Auskunft \u00fcber die Verarbeitung personenbezogener Daten zu verlangen,<span class=\"Apple-converted-space\">\u00a0<\/span><\/li>\n<li>Um zu erfahren, zu welchem Zweck personenbezogene Daten verarbeitet werden und ob sie ihrem Zweck entsprechend verwendet werden,<\/li>\n<li>Um die Drittparteien zu kennen, an die personenbezogene Daten im In- und Ausland \u00fcbermittelt werden,<\/li>\n<li>Die Berichtigung unvollst\u00e4ndiger oder unrichtig verarbeiteter personenbezogener Daten zu verlangen,<\/li>\n<li>Beantragung der L\u00f6schung oder Vernichtung personenbezogener Daten im Rahmen der in Artikel 7 des Gesetzes festgelegten Bedingungen,<span class=\"Apple-converted-space\">\u00a0<\/span><\/li>\n<li>Fordern Sie, dass die gem\u00e4\u00df Artikel 11 Unterabs\u00e4tze (d) und (e) des Gesetzes durchgef\u00fchrten Transaktionen Dritten mitgeteilt werden, an die personenbezogene Daten \u00fcbermittelt wurden.<span class=\"Apple-converted-space\">\u00a0<\/span><\/li>\n<li>Einspruch gegen ein Ergebnis zu erheben, das zum Nachteil der Person selbst ist, da die Analyse der verarbeiteten Daten ausschlie\u00dflich durch automatisierte Systeme erfolgt,<span class=\"Apple-converted-space\">\u00a0<\/span><\/li>\n<li>Erkl\u00e4rt, dass sie das Recht haben, im Falle von Sch\u00e4den aufgrund der unrechtm\u00e4\u00dfigen Verarbeitung personenbezogener Daten Schadensersatz zu verlangen.<\/li>\n<\/ul>\n<p>Ihre Anfragen zur Umsetzung des Gesetzes <b>Antragsformular f\u00fcr den Inhaber der Datenschutzrichtlinie gem\u00e4\u00df dem Gesetz zum Schutz personenbezogener Daten<\/b>nackt<b> <\/b>schriftlich oder mit einer sicheren elektronischen Signatur oder durch das Personal Data Protection Board (im Folgenden &quot;<b>Der Vorstand<\/b>Sie k\u00f6nnen es an unser Unternehmen weiterleiten, indem Sie es an die auf dem Antragsformular angegebene Adresse senden oder indem Sie andere von \u201e\u201c angegebene Methoden verwenden. Unser Unternehmen wird Ihre Anfragen in der Anwendung kostenlos und so schnell wie m\u00f6glich, sp\u00e4testens jedoch innerhalb von drei\u00dfig Tagen, je nach Art der Anfrage, bearbeiten. Wenn jedoch f\u00fcr die betreffende Transaktion zus\u00e4tzliche Kosten anfallen, kann die Geb\u00fchr gem\u00e4\u00df dem vom Vorstand festgelegten Tarif erhoben werden.<\/p>\n<p>Abschlie\u00dfend m\u00f6chten wir darauf hinweisen, dass; Der Schutz Ihrer personenbezogenen Daten ist f\u00fcr unser Unternehmen von gro\u00dfer Bedeutung und wir legen bei der Verarbeitung Ihrer personenbezogenen Daten gr\u00f6\u00dften Wert auf die Sicherheit und andere Belange. Zu diesem Zweck ist die sichere Verarbeitung und \u00dcbermittlung Ihrer personenbezogenen Daten durch unser Unternehmen im Einklang mit den Gesetzen und sonstigen Rechtsvorschriften stets von gr\u00f6\u00dfter Bedeutung f\u00fcr unser Unternehmen. Die Verarbeitung Ihrer personenbezogenen Daten erfolgt hierbei unter Beachtung aller einschl\u00e4gigen Gesetze.<\/p>\n<p>Dieser Offenlegungstext kann aufgrund der sich \u00e4ndernden Prozesse des Unternehmens aktualisiert werden, um der KVKK-Gesetzgebung zu entsprechen. Wir bitten Sie, f\u00fcr solche Aktualisierungen die Website des Unternehmens zu besuchen.<\/p>\n<p><b>Klicken Sie hier, um auf unsere KVKK-Unternehmensrichtlinie zuzugreifen<\/b><\/p>\n<p><b>Klicken Sie hier, um auf das Antragsformular f\u00fcr den KVKK-Datenverantwortlichen zuzugreifen<\/b><\/p>\n<p>&nbsp;<\/p>\n<p>&nbsp;<\/p>\n<p><b>ISOTEC ENERGY AG<\/b><\/p>\n<p><b>RICHTLINIE ZUM SCHUTZ UND ZUR VERARBEITUNG PERSONENBEZOGENER DATEN<\/b><\/p>\n<p>Diese Richtlinie zum Schutz und zur Verarbeitung personenbezogener Daten wird von \u0130sotec Enerji Anonim \u015eirketi (\u201e\u0130sotec Enerji Anonim \u015eirketi\u201c) im Rahmen des Gesetzes zum Schutz personenbezogener Daten Nr. 6698 erstellt.<b>Unternehmen<\/b>\u201d), die offizielle Website des Unternehmens. <a href=\"https:\/\/isotec.com.tr\/de\/\">www.isotec.com.t ist<\/a> (\u201e<b>Webseite<\/b>\u201e) Die Inhalte auf der Adresse, Benutzer, Besucher, Mitglieder und andere Personen (\u201e<b>Benutzer oder Ansprechpartner<\/b>\u201e) informiert \u00fcber unsere Unternehmenspolitik hinsichtlich der Verfahren und Grunds\u00e4tze unseres Unternehmens hinsichtlich der Verarbeitung und \u00dcbermittlung personenbezogener Daten, die der Benutzer w\u00e4hrend der Nutzung durch das Unternehmen mit dem Unternehmen teilt oder erstellt. Auf der Grundlage dieser Grunds\u00e4tze und Verfahren ergreifen wir als Unternehmen alle administrativen und technischen Ma\u00dfnahmen im Einklang mit der von uns implementierten Richtlinie zum Schutz und zur Verarbeitung personenbezogener Daten.<\/p>\n<ol>\n<li><b><\/b><b>Zweck der Richtlinie zum Schutz und zur Verarbeitung personenbezogener Daten:<\/b><\/li>\n<\/ol>\n<p>Richtlinie zum Schutz und zur Verarbeitung personenbezogener Daten (\u201e<b>Politik<\/b>\u201d), dessen Zweck die Herstellung und Montage von Teilen von Solarenergiesystemen im Energiesektor ist, unterliegt unser Unternehmen dem Gesetz Nr. 6698 zum Schutz personenbezogener Daten hinsichtlich der Verarbeitung personenbezogener Daten, dem Schutz dieser Daten und der Vernichtung derselben, wenn dies erforderlich ist.<b> <\/b>Die von unserem Unternehmen festgelegten Grunds\u00e4tze und Grundlagen im Rahmen der im Rahmenwerk festgelegten Spielr\u00e4ume zu regeln. Es ist auch zu beachten, dass es in diesem Zusammenhang unser Ziel ist, die Grundrechte und -freiheiten des Einzelnen, insbesondere das in Artikel 20 der Verfassung geregelte Recht auf Privatsph\u00e4re, so weit wie m\u00f6glich zu sch\u00fctzen und die Eigent\u00fcmer personenbezogener Daten \u00fcber die Verpflichtungen unseres Unternehmens und die Verfahren und Grunds\u00e4tze zu informieren, die es gem\u00e4\u00df dem Gesetz zum Schutz personenbezogener Daten Nr. 6698 anwenden wird. Der prim\u00e4re und wichtigste Zweck unserer Richtlinie besteht darin, die Privatsph\u00e4re der Eigent\u00fcmer personenbezogener Daten und die Sicherheit ihrer Daten zu sch\u00fctzen.<\/p>\n<ol start=\"2\">\n<li><b><\/b><b>Geltungsbereich der Richtlinie zum Schutz und zur Verarbeitung personenbezogener Daten:<\/b><b><\/b><\/li>\n<\/ol>\n<p>Diese Richtlinie gilt f\u00fcr bestimmte Beg\u00fcnstigte des Unternehmens, sofern es sich dabei um innerhalb des Unternehmens bestehende nat\u00fcrliche Personen handelt, sowie f\u00fcr andere Klassen und f\u00fcr neue nat\u00fcrliche Personen, die von au\u00dferhalb des Unternehmens hinzugewonnen werden k\u00f6nnen.<span class=\"Apple-converted-space\">\u00a0<\/span><\/p>\n<ul>\n<li>Sehr geehrte Aktion\u00e4re,<\/li>\n<li>Gesch\u00e4ftspartner des Unternehmens,<\/li>\n<li>Sehr geehrte Vertreter des Unternehmens,<\/li>\n<li>Mitarbeiter des Unternehmens,<\/li>\n<li>Firmenpraktikanten,<\/li>\n<li>Ehemalige Mitarbeiter des Unternehmens,<\/li>\n<li>Mitarbeiterkandidaten,<\/li>\n<li>Besucher,<\/li>\n<li>Firmenkunden,<\/li>\n<li>Potenzielle Kunden,<\/li>\n<li>Es wurde f\u00fcr Dritte erstellt und gilt f\u00fcr alle nat\u00fcrlichen Personen mit Ausnahme der angegebenen.<span class=\"Apple-converted-space\">\u00a0<\/span><\/li>\n<\/ul>\n<p>Das Unternehmen hat diese Richtlinie umgesetzt <a href=\"https:\/\/isotec.com.tr\/de\/\">www.isotec.com.t ist<\/a> Durch die Ver\u00f6ffentlichung auf der Website, Gesetz Nr. 6698 zum Schutz personenbezogener Daten<b> <\/b>informiert \u00fcber. Wie oben erl\u00e4utert, gilt diese Richtlinie nicht f\u00fcr juristische Personen, unabh\u00e4ngig von ihrem Titel oder Namen.<b> <\/b>ist nicht anwendbar. Dar\u00fcber hinaus gilt f\u00fcr die Mitarbeiter unseres Unternehmens die \u201eRichtlinie zur Verarbeitung personenbezogener Daten f\u00fcr Mitarbeiter\u201c.<\/p>\n<p>Diese Richtlinie gilt f\u00fcr die oben genannten nat\u00fcrlichen Personen gem\u00e4\u00df dem Gesetz Nr. 6698 zum Schutz personenbezogener Daten unseres Unternehmens.<b> <\/b>im Rahmen von<b> <\/b>Sie findet Anwendung, wenn die personenbezogenen Daten mit ganz oder teilweise automatisierten Mitteln oder nicht automatisierten Mitteln verarbeitet werden, sofern sie Teil eines Datenaufzeichnungssystems sind. Die Daten sind wie folgt definiert:<b>Personenbezogene Daten<\/b>\u201eWenn es nicht im Geltungsbereich dieser Vereinbarung enthalten ist oder wenn die von unserem Unternehmen durchgef\u00fchrte Verarbeitung personenbezogener Daten nicht mit den oben genannten Mitteln erfolgt, findet diese Richtlinie keine Anwendung.<\/p>\n<ol start=\"3\">\n<li><b><\/b><b>Definitionen im Geltungsbereich des Gesetzes zum Schutz personenbezogener Daten Nr. 6698:<\/b><\/li>\n<\/ol>\n<p>Die wichtigsten Definitionen, die bei der Anwendung des Gesetzes bei der Umsetzung dieser Richtlinie durch unser Unternehmen verwendet werden m\u00fcssen, sind:<\/p>\n<table cellspacing=\"0\" cellpadding=\"0\">\n<tbody>\n<tr>\n<td valign=\"top\"><b>Ausdr\u00fcckliche Zustimmung<\/b><b><\/b><\/td>\n<td valign=\"top\">Es handelt sich um eine Einwilligung zu einem bestimmten Thema, die auf Informationen basiert und aus freiem Willen ausgedr\u00fcckt wird.<\/td>\n<\/tr>\n<tr>\n<td valign=\"top\"><b>Anonymisierung<\/b><b><\/b><\/td>\n<td valign=\"top\">Dabei handelt es sich um einen Vorgang, der es unm\u00f6glich macht, personenbezogene Daten in irgendeiner Weise mit einer identifizierten oder identifizierbaren nat\u00fcrlichen Person in Verbindung zu bringen, auch wenn sie mit anderen Daten abgeglichen werden.<\/td>\n<\/tr>\n<tr>\n<td valign=\"top\"><b>Unternehmen<\/b><b><\/b><\/td>\n<td valign=\"top\">Es handelt sich um die Aktiengesellschaft Isotec Energy.<\/td>\n<\/tr>\n<tr>\n<td valign=\"top\"><b>Offizieller Vertreter des Unternehmens<\/b><b><\/b><\/td>\n<td valign=\"top\">Mitglieder des Vorstands der Isotec Energy Joint Stock Company und andere autorisierte nat\u00fcrliche Personen.<\/td>\n<\/tr>\n<tr>\n<td valign=\"top\"><b>Gesellschafter des Unternehmens<\/b><b><\/b><\/td>\n<td valign=\"top\">Die Aktion\u00e4re der Isotec Energy Joint Stock Company sind nat\u00fcrliche Personen.<\/td>\n<\/tr>\n<tr>\n<td valign=\"top\"><b>Gesch\u00e4ftspartner des Unternehmens, Gesellschafter, leitender Angestellter, Mitarbeiter von Gesch\u00e4ftspartnern<\/b><b><\/b><\/td>\n<td valign=\"top\">Alle nat\u00fcrlichen Personen, einschlie\u00dflich der nat\u00fcrlichen Personen, mit denen unser Unternehmen irgendeine Art von Gesch\u00e4ftsbeziehung unterh\u00e4lt, sowie die Mitarbeiter, Anteilseigner und leitenden Angestellten der nat\u00fcrlichen und juristischen Personen (wie etwa Gesch\u00e4ftspartner, Lieferanten), mit denen unser Unternehmen irgendeine Art von Gesch\u00e4ftsbeziehung unterh\u00e4lt.<\/td>\n<\/tr>\n<tr>\n<td valign=\"top\"><b>Mitarbeiterkandidat<\/b><b><\/b><\/td>\n<td valign=\"top\">Dabei handelt es sich um echte Personen, die sich auf irgendeinem Wege um eine Stelle in unserem Unternehmen beworben oder ihren Lebenslauf und zugeh\u00f6rige Informationen zur Pr\u00fcfung durch unser Unternehmen bereitgestellt haben.<\/td>\n<\/tr>\n<tr>\n<td valign=\"top\"><b>Firmenkunde<\/b><b><\/b><\/td>\n<td valign=\"top\">Dabei handelt es sich um nat\u00fcrliche Personen, die die von unserem Unternehmen angebotenen Produkte und Dienstleistungen nutzen oder genutzt haben, unabh\u00e4ngig davon, ob sie in einer vertraglichen Beziehung zu unserem Unternehmen stehen.<\/td>\n<\/tr>\n<tr>\n<td valign=\"top\"><b>Potenzieller Kunde<\/b><b><\/b><\/td>\n<td valign=\"top\">Nat\u00fcrliche Personen, die unsere Produkte und Dienstleistungen angefragt oder Interesse an der Nutzung dieser Produkte und Dienstleistungen gezeigt haben oder bei denen gem\u00e4\u00df Handelsbr\u00e4uchen und Integrit\u00e4tsregeln ein solches Interesse wahrscheinlich ist.<\/td>\n<\/tr>\n<tr>\n<td valign=\"top\"><b>Dritte Seite<\/b><b><\/b><\/td>\n<td valign=\"top\">Andere Personen, die nicht durch die f\u00fcr Mitarbeiter des Unternehmens erstellte Datenschutz- und Verarbeitungsrichtlinie von Isotec Enerji Anonim \u015eirketi abgedeckt sind und die in dieser Richtlinie nicht in die Kategorie der Inhaber personenbezogener Daten fallen.<\/td>\n<\/tr>\n<tr>\n<td valign=\"top\"><b>Gast<\/b><b><\/b><\/td>\n<td valign=\"top\">Alle nat\u00fcrlichen Personen, die die R\u00e4umlichkeiten unseres Unternehmens zu verschiedenen Zwecken betreten oder unsere Websites zu irgendeinem Zweck besucht haben.<\/td>\n<\/tr>\n<tr>\n<td valign=\"top\"><b>Gesetz<\/b><b><\/b><\/td>\n<td valign=\"top\">Bezieht sich auf das Gesetz zum Schutz personenbezogener Daten Nr. 6698.<\/td>\n<\/tr>\n<tr>\n<td valign=\"top\"><b>Sekund\u00e4rrecht<\/b><b><\/b><\/td>\n<td valign=\"top\">Darunter sind alle Verordnungen, Rundschreiben, Mitteilungen, Grundsatzentscheidungen oder \u00e4hnlichen Verwaltungsentscheidungen oder allgemeinen Stellungnahmen zu verstehen, die von der Datenschutzbeh\u00f6rde in \u00dcbereinstimmung mit dem Gesetz herausgegeben oder empfangen werden.<\/td>\n<\/tr>\n<tr>\n<td valign=\"top\"><b>Zugeh\u00f6rige Benutzer<\/b><b><\/b><\/td>\n<td valign=\"top\">Personen, die personenbezogene Daten innerhalb der Organisation des Verantwortlichen oder gem\u00e4\u00df den Befugnissen und Anweisungen des Verantwortlichen verarbeiten, mit Ausnahme der Person oder Einheit, die f\u00fcr die technische Speicherung, den Schutz und die Sicherung der Daten verantwortlich ist.<\/td>\n<\/tr>\n<tr>\n<td valign=\"top\"><b>Personenbezogene Daten\/Daten<\/b><b><\/b><\/td>\n<td valign=\"top\">Darunter sind alle Informationen zu verstehen, die sich auf eine identifizierte oder identifizierbare nat\u00fcrliche Person beziehen.<\/td>\n<\/tr>\n<tr>\n<td valign=\"top\"><b>Verarbeitung personenbezogener Daten<\/b><b><\/b><\/td>\n<td valign=\"top\">Darunter versteht man alle Vorg\u00e4nge, die mit personenbezogenen Daten durchgef\u00fchrt werden, wie etwa das Erfassen, Aufzeichnen, Speichern, Aufbewahren, \u00c4ndern, Neuorganisieren, Offenlegen, \u00dcbertragen, \u00dcbernehmen, Bereitstellen, Klassifizieren oder Verhindern der Verwendung personenbezogener Daten, ganz oder teilweise mit automatischen oder nicht automatischen Mitteln, sofern dies Teil eines Datenaufzeichnungssystems ist.<\/td>\n<\/tr>\n<tr>\n<td valign=\"top\"><b>Der Vorstand<\/b><b><\/b><\/td>\n<td valign=\"top\">Bezieht sich auf das Personal Data Protection Board.<\/td>\n<\/tr>\n<tr>\n<td valign=\"top\"><b>Organisation<\/b><b><\/b><\/td>\n<td valign=\"top\">Verweist auf die Datenschutzbeh\u00f6rde.<\/td>\n<\/tr>\n<tr>\n<td valign=\"top\"><b>Besondere personenbezogene Daten<\/b><b><\/b><\/td>\n<td valign=\"top\">Daten \u00fcber die Rasse, ethnische Herkunft, politische Ansichten, philosophischen \u00dcberzeugungen, Religion, Sekte oder andere \u00dcberzeugungen, Aussehen und Kleidung, Mitgliedschaft in Vereinen, Stiftungen oder Gewerkschaften, Gesundheit, Sexualleben, strafrechtliche Verurteilungen und Sicherheitsma\u00dfnahmen von Personen sowie biometrische und genetische Daten.<\/td>\n<\/tr>\n<tr>\n<td valign=\"top\"><b>Aufzeichnen<\/b><b><\/b><\/td>\n<td valign=\"top\">Es bezieht sich auf das Data Controllers Registry, ein Registrierungssystem, in dem sich Datenverantwortliche registrieren und Informationen zu ihren Datenverarbeitungsaktivit\u00e4ten angeben m\u00fcssen.<\/td>\n<\/tr>\n<tr>\n<td valign=\"top\"><b>Auftragsverarbeiter<\/b><b><\/b><\/td>\n<td valign=\"top\">Es handelt sich um die nat\u00fcrliche oder juristische Person, die personenbezogene Daten im Auftrag des f\u00fcr die Verarbeitung Verantwortlichen auf Grundlage der von ihm erteilten Vollmacht verarbeitet.<\/td>\n<\/tr>\n<tr>\n<td valign=\"top\"><b>Datenaufzeichnungssystem<\/b><b><\/b><\/td>\n<td valign=\"top\">Es bezeichnet das Aufzeichnungssystem, in dem personenbezogene Daten nach bestimmten Kriterien strukturiert und verarbeitet werden.<\/td>\n<\/tr>\n<tr>\n<td valign=\"top\"><b>Datenschutzkommission<\/b><b><\/b><\/td>\n<td valign=\"top\">Bezieht sich auf die Datenschutzkommission des Unternehmens.<\/td>\n<\/tr>\n<tr>\n<td valign=\"top\"><b>Dateneigent\u00fcmer<\/b><b><\/b><\/td>\n<td valign=\"top\">Der Dateneigent\u00fcmer, im Gesetz als \u201erelevante Person\u201c definiert, bezieht sich auf die nat\u00fcrliche Person, deren personenbezogene Daten verarbeitet werden. Zu den Dateneigent\u00fcmern z\u00e4hlen Kunden, Internetnutzer, Kontaktpersonen, E-Mail- und Marketingdatenbanklisten, Mitarbeiter, Auftragnehmer und Lieferanten.<\/td>\n<\/tr>\n<tr>\n<td valign=\"top\"><b>Verantwortlicher<\/b><b><\/b><\/td>\n<td valign=\"top\">Es handelt sich um die nat\u00fcrliche oder juristische Person, die \u00fcber die Zwecke und Mittel der Verarbeitung personenbezogener Daten entscheidet und f\u00fcr die Einrichtung und Verwaltung des Datenerfassungssystems verantwortlich ist.<\/td>\n<\/tr>\n<tr>\n<td valign=\"top\"><b>Verordnungsentwurf zum Register der f\u00fcr die Verarbeitung Verantwortlichen<\/b><b><\/b><\/td>\n<td valign=\"top\">Der Verordnungsentwurf zum Register der f\u00fcr die Verarbeitung Verantwortlichen wurde gem\u00e4\u00df Artikel 16 des Gesetzes erstellt. Es ist noch nicht in Kraft getreten.<\/td>\n<\/tr>\n<tr>\n<td valign=\"top\"><b>Streichung<\/b><b><\/b><\/td>\n<td valign=\"top\">Damit ist gemeint, dass personenbezogene Daten f\u00fcr die relevanten Benutzer in jeglicher Weise unzug\u00e4nglich und nicht wiederverwendbar gemacht werden.<\/td>\n<\/tr>\n<tr>\n<td valign=\"top\"><b>L\u00f6sch- und Vernichtungsrichtlinie<\/b><b><\/b><\/td>\n<td valign=\"top\">Es handelt sich um die vom Unternehmen im Rahmen der Verordnung zur L\u00f6schung, Vernichtung oder Anonymisierung personenbezogener Daten erstellte Richtlinie, die die Verfahren und Grunds\u00e4tze in Bezug auf L\u00f6schung und Vernichtung regelt.<\/td>\n<\/tr>\n<tr>\n<td valign=\"top\"><b>Entsorgung<\/b><b><\/b><\/td>\n<td valign=\"top\">Damit ist gemeint, dass personenbezogene Daten f\u00fcr jedermann und in jeglicher Weise unzug\u00e4nglich, unumkehrbar und nicht wiederverwendbar gemacht werden.<\/td>\n<\/tr>\n<\/tbody>\n<\/table>\n<ol start=\"4\">\n<li><b><\/b><b>Durchsetzung der Richtlinie zum Schutz und zur Verarbeitung personenbezogener Daten:<\/b><b><\/b><\/li>\n<\/ol>\n<p>Organisiert von Isotec Energy Inc. und ver\u00f6ffentlicht auf der Website des Unternehmens <a href=\"https:\/\/isotec.com.tr\/de\/\">www.isotec.com.t ist<\/a> Sie werden den betreffenden Personen auf Anfrage der Eigent\u00fcmer personenbezogener Daten ab dem Datum der Ver\u00f6ffentlichung zur Verf\u00fcgung gestellt.<\/p>\n<ol start=\"5\">\n<li><b><\/b><b>Schutz personenbezogener Daten im Rahmen unserer Unternehmenspolitik:<\/b><\/li>\n<\/ol>\n<ol>\n<li><b><\/b><b>Sicherheit personenbezogener Daten;<\/b><\/li>\n<\/ol>\n<p>Unser Unternehmen ergreift alle notwendigen technischen und administrativen Ma\u00dfnahmen, um die unrechtm\u00e4\u00dfige Verarbeitung und den Zugriff auf personenbezogene Daten zu verhindern und das entsprechende Sicherheitsniveau zu gew\u00e4hrleisten, um die Erhaltung personenbezogener Daten gem\u00e4\u00df dem Gesetz zum Schutz personenbezogener Daten Nr. 6698 sicherzustellen.<\/p>\n<ol start=\"2\">\n<li><b><\/b><b>Kontrolle;<\/b><\/li>\n<\/ol>\n<p>Um die oben beschriebene Gew\u00e4hrleistung der Datensicherheit sowie die Regelm\u00e4\u00dfigkeit und Kontinuit\u00e4t der getroffenen Ma\u00dfnahmen sicherzustellen, f\u00fchrt unser Unternehmen die erforderlichen Pr\u00fcfungen durch und hat diese durchgef\u00fchrt.<\/p>\n<ol start=\"3\">\n<li><b><\/b><b>Sicherheit;<\/b><\/li>\n<\/ol>\n<p>Unser Unternehmen ergreift im Rahmen der technologischen M\u00f6glichkeiten und Implementierungskosten alle erforderlichen technischen und administrativen Ma\u00dfnahmen, um sicherzustellen, dass die jeweiligen Datenverantwortlichen und Datenverarbeiter die in ihrem Besitz befindlichen personenbezogenen Daten nicht unter Verletzung der gesetzlichen Bestimmungen und der Richtlinie an Dritte weitergeben und sie nicht f\u00fcr andere Zwecke als die Verarbeitung verwenden. In diesem Zusammenhang werden Informations- und Schulungsma\u00dfnahmen zu Gesetzen und Richtlinien f\u00fcr die Mitarbeiter unseres Unternehmens durchgef\u00fchrt.<\/p>\n<ol start=\"4\">\n<li><b><\/b><b>Unbefugte Offenlegung personenbezogener Daten;<\/b><\/li>\n<\/ol>\n<p>Wenn die von unserem Unternehmen verarbeiteten personenbezogenen Daten auf unrechtm\u00e4\u00dfige Weise von Dritten erlangt werden, ergreift unser Unternehmen die erforderlichen Ma\u00dfnahmen, um den jeweiligen Eigent\u00fcmer der personenbezogenen Daten und die Datenschutzbeh\u00f6rde so schnell wie m\u00f6glich zu benachrichtigen. Falls der KVK-Vorstand dies f\u00fcr notwendig erachtet, kann dieser Umstand auf der Website des KVK-Vorstands oder auf eine andere vom KVK-Vorstand als geeignet erachtete Weise bekannt gegeben werden.<\/p>\n<ol start=\"5\">\n<li><b><\/b><b>Beachtung der gesetzlichen Rechte der Inhaber personenbezogener Daten;<\/b><\/li>\n<\/ol>\n<p>Unser Unternehmen beachtet durch die Umsetzung der Richtlinie und des Gesetzes alle gesetzlichen Rechte der Inhaber personenbezogener Daten und ergreift alle erforderlichen Ma\u00dfnahmen zum Schutz dieser Rechte.<\/p>\n<ol start=\"6\">\n<li><b><\/b><b>Schutz besonderer personenbezogener Daten;<\/b><\/li>\n<\/ol>\n<p>Wie im Abschnitt \u201eDefinitionen\u201c angegeben, handelt es sich bei Daten \u00fcber Rasse, ethnische Herkunft, politische Meinung, philosophische \u00dcberzeugung, Religion, Sekte oder andere \u00dcberzeugungen, Aussehen und Kleidung, Mitgliedschaft in Vereinen, Stiftungen oder Gewerkschaften, Gesundheit, Sexualleben, strafrechtliche Verurteilungen und Sicherheitsma\u00dfnahmen einer Person sowie biometrische und genetische Daten um besondere personenbezogene Daten. Unser Unternehmen ber\u00fccksichtigt, dass besondere personenbezogene Daten Daten sind, die dazu f\u00fchren k\u00f6nnen, dass die betreffende Person Opfer von Schikanen oder Diskriminierung wird, wenn sie von anderen erfahren werden. Daher werden alle notwendigen Ma\u00dfnahmen sorgf\u00e4ltig ergriffen, um diese personenbezogenen Daten gem\u00e4\u00df den gesetzlichen Bestimmungen zu sch\u00fctzen.<\/p>\n<ol start=\"6\">\n<li><b><\/b><b>Allgemeine Grunds\u00e4tze f\u00fcr die Verarbeitung personenbezogener Daten im Rahmen unserer Unternehmenspolitik:<\/b><\/li>\n<\/ol>\n<p>Personenbezogene Daten werden von unserem Unternehmen gem\u00e4\u00df dem Gesetz zum Schutz personenbezogener Daten Nr. 6698 und den in dieser Richtlinie festgelegten Verfahren und Grunds\u00e4tzen verarbeitet. Unser Unternehmen handelt bei der Verarbeitung personenbezogener Daten im Rahmen der folgenden Grunds\u00e4tze.<\/p>\n<ol>\n<li><b><\/b><b>Der Grundsatz der Einhaltung der Rechtsvorschriften und der Integrit\u00e4tsregel;<\/b><\/li>\n<\/ol>\n<p>Unser Unternehmen verarbeitet personenbezogene Daten nach dem Grundsatz der Ehrlichkeit auf umfassendste Weise unter Ber\u00fccksichtigung sowohl des Privatrechts als auch des Gewohnheitsrechts im Rahmen des Gesetzes zum Schutz personenbezogener Daten Nr. 6698 und der diesem Gesetz beigef\u00fcgten Verordnung und verwendet sie innerhalb dieser Grenzen sorgf\u00e4ltig und ordnungsgem\u00e4\u00df.<\/p>\n<ol start=\"2\">\n<li><b><\/b><b>Das Prinzip der Genauigkeit und Aktualit\u00e4t;<\/b><\/li>\n<\/ol>\n<p>Unser Unternehmen stellt sicher, dass die von ihm verarbeiteten personenbezogenen Daten richtig und aktuell sind und ber\u00fccksichtigt dabei die Grundrechte und berechtigten Interessen der Eigent\u00fcmer personenbezogener Daten. In diesem Zusammenhang werden Aspekte wie die Ermittlung der Datenquellen, die \u00dcberpr\u00fcfung ihrer Genauigkeit und die Bewertung, ob sie aktualisiert werden m\u00fcssen, sorgf\u00e4ltig gepr\u00fcft.<\/p>\n<ol start=\"3\">\n<li><b><\/b><b>Der Grundsatz der Verarbeitung f\u00fcr identifizierbare, eindeutige und legitime Zwecke;<\/b><\/li>\n<\/ol>\n<p>Unser Unternehmen legt den Zweck der Datenverarbeitung klar und pr\u00e4zise fest und stellt sicher, dass dieser Zweck legitim ist. Der legitime Zweck bedeutet, dass die von unserem Unternehmen verarbeiteten personenbezogenen Daten mit der von ihm ausgef\u00fchrten Arbeit oder der von ihm angebotenen Dienstleistung in Zusammenhang stehen und f\u00fcr diese notwendig sind.<\/p>\n<ol start=\"4\">\n<li><b><\/b><b>Der Grundsatz, dass die Daten f\u00fcr den Zweck, f\u00fcr den sie verarbeitet werden, relevant, begrenzt und verh\u00e4ltnism\u00e4\u00dfig sein m\u00fcssen;<\/b><\/li>\n<\/ol>\n<p>Unser Unternehmen stellt sicher, dass die verarbeiteten personenbezogenen Daten f\u00fcr die Erreichung der angegebenen Zwecke geeignet sind und vermeidet die Verarbeitung personenbezogener Daten, die f\u00fcr die Erreichung des Zwecks nicht relevant oder erforderlich sind. Um Daten zur Erf\u00fcllung sp\u00e4ter auftretender Anforderungen verarbeiten zu k\u00f6nnen, erf\u00fcllt es eine der im Gesetz geregelten Bedingungen f\u00fcr die Verarbeitung personenbezogener Daten, als w\u00fcrde es zum ersten Mal mit der Verarbeitung beginnen. Dar\u00fcber hinaus werden die verarbeiteten Daten auf das zur Erreichung des Zwecks erforderliche Ma\u00df beschr\u00e4nkt.<\/p>\n<ol start=\"5\">\n<li><b><\/b><b>Der Grundsatz der Aufbewahrung f\u00fcr den gesetzlich vorgeschriebenen oder f\u00fcr den Zweck, f\u00fcr den sie verarbeitet werden, erforderlichen Zeitraum;<\/b><\/li>\n<\/ol>\n<p>Soweit gesetzliche Aufbewahrungsfristen f\u00fcr Daten bestehen, werden diese von unserem Unternehmen eingehalten; Andernfalls werden personenbezogene Daten nur f\u00fcr den Zeitraum gespeichert, der f\u00fcr den Zweck ihrer Verarbeitung erforderlich ist. Wenn f\u00fcr unser Unternehmen kein g\u00fcltiger Grund mehr besteht, personenbezogene Daten weiter zu speichern, werden die betreffenden Daten gel\u00f6scht, vernichtet oder anonymisiert.<\/p>\n<ol start=\"7\">\n<li><b><\/b><b>Bedingungen f\u00fcr die Verarbeitung personenbezogener Daten im Rahmen unserer Unternehmensrichtlinie:<\/b><\/li>\n<\/ol>\n<p>Unser Unternehmen verarbeitet keine personenbezogenen Daten ohne die ausdr\u00fcckliche Zustimmung des Dateneigent\u00fcmers. Unser Unternehmen kann personenbezogene Daten ohne die ausdr\u00fcckliche Zustimmung des Dateneigent\u00fcmers verarbeiten, wenn eine der folgenden Bedingungen erf\u00fcllt ist.<\/p>\n<ol>\n<li><b><\/b><b>Wenn in den einschl\u00e4gigen Gesetzen ausdr\u00fccklich vorgesehen<\/b><\/li>\n<\/ol>\n<p>Unser Unternehmen kann personenbezogene Daten von Eigent\u00fcmern personenbezogener Daten in gesetzlich ausdr\u00fccklich vorgeschriebenen F\u00e4llen auch ohne ausdr\u00fcckliche Zustimmung verarbeiten.<\/p>\n<ol start=\"2\">\n<li><b><\/b><b>In F\u00e4llen, in denen es notwendig ist, das Leben oder die k\u00f6rperliche Unversehrtheit einer Person zu sch\u00fctzen, die aufgrund einer physischen Unm\u00f6glichkeit nicht in der Lage ist, ihre Einwilligung auszudr\u00fccken, oder deren Einwilligung rechtlich nicht anerkannt ist; oder einer anderen Person;<\/b><\/li>\n<\/ol>\n<p>In F\u00e4llen, in denen die Einwilligung nicht erkl\u00e4rt werden kann oder ung\u00fcltig ist, k\u00f6nnen personenbezogene Daten von unserem Unternehmen ohne ausdr\u00fcckliche Einwilligung verarbeitet werden, um das Leben oder die k\u00f6rperliche Unversehrtheit von Personen zu sch\u00fctzen. Zum Schutz des Lebens oder der k\u00f6rperlichen Unversehrtheit der Person k\u00f6nnen die personenbezogenen Daten des Inhabers der personenbezogenen Daten w\u00e4hrend eines medizinischen Eingriffs verarbeitet werden. Dabei k\u00f6nnen Daten wie Blutgruppe, Vorerkrankungen und Operationen sowie eingenommene Medikamente \u00fcber das jeweilige Gesundheitssystem verarbeitet werden.<\/p>\n<ol start=\"3\">\n<li><b><\/b><b>In F\u00e4llen, in denen die Verarbeitung personenbezogener Daten der Vertragsparteien erforderlich ist, sofern sie in unmittelbarem Zusammenhang mit der Begr\u00fcndung oder Durchf\u00fchrung eines Vertrags steht;<\/b><\/li>\n<\/ol>\n<p>Im Rahmen der Begr\u00fcndung oder Durchf\u00fchrung eines Vertrages k\u00f6nnen personenbezogene Daten von unserem Unternehmen verarbeitet werden.<span class=\"Apple-converted-space\">\u00a0<\/span><\/p>\n<ol start=\"4\">\n<li><b><\/b><b>Falls der Verantwortliche seinen gesetzlichen Verpflichtungen nachkommen muss;<\/b><\/li>\n<\/ol>\n<p>Wenn unser Unternehmen zur L\u00f6sung oder Aufkl\u00e4rung eines Vorfalls personenbezogene Daten von offiziellen Institutionen und Organisationen anfordert und weitergibt, kann der Verantwortliche die angeforderten personenbezogenen Daten weitergeben, um seiner gesetzlichen Verpflichtung nachzukommen.<\/p>\n<ol start=\"5\">\n<li><b><\/b><b>Es wurde von der betreffenden Person selbst \u00f6ffentlich gemacht;<\/b><\/li>\n<\/ol>\n<p>Unser Unternehmen kann die personenbezogenen Daten der Eigent\u00fcmer dieser personenbezogenen Daten verarbeiten, wenn diese von diesen \u00f6ffentlich gemacht wurden, d. h. in irgendeiner Weise der \u00d6ffentlichkeit zug\u00e4nglich gemacht wurden, da davon ausgegangen wird, dass das zu sch\u00fctzende Rechtsinteresse bei der Verarbeitung solcher Daten, die von den Eigent\u00fcmern dieser personenbezogenen Daten \u00f6ffentlich gemacht wurden und somit jedermann bekannt geworden sind, nicht gegeben ist.<\/p>\n<ol start=\"6\">\n<li><b><\/b><b>Die Datenverarbeitung ist f\u00fcr die Begr\u00fcndung, Aus\u00fcbung oder den Schutz eines Rechts erforderlich;<\/b><\/li>\n<\/ol>\n<p>In F\u00e4llen, in denen die Datenverarbeitung f\u00fcr die Begr\u00fcndung, Aus\u00fcbung oder den Schutz eines Rechts zwingend erforderlich ist, k\u00f6nnen die personenbezogenen Daten der betroffenen Personen auch ohne deren ausdr\u00fcckliche Einwilligung verarbeitet werden.<\/p>\n<ol start=\"7\">\n<li><b><\/b><b>Die Datenverarbeitung ist f\u00fcr die berechtigten Interessen des f\u00fcr die Verarbeitung Verantwortlichen erforderlich, sofern dadurch die Grundrechte und Grundfreiheiten der betroffenen Person nicht beeintr\u00e4chtigt werden.<\/b><\/li>\n<\/ol>\n<p>Unser Unternehmen kann die personenbezogenen Daten von Eigent\u00fcmern personenbezogener Daten in F\u00e4llen verarbeiten, in denen die Verarbeitung personenbezogener Daten zum Schutz berechtigter Interessen zwingend erforderlich ist, vorausgesetzt, dass dadurch die durch Gesetz und Richtlinie gesch\u00fctzten Grundrechte und -freiheiten der Eigent\u00fcmer personenbezogener Daten nicht beeintr\u00e4chtigt werden. Unser Unternehmen zeigt die notwendige Sensibilit\u00e4t, um die Grundprinzipien des Schutzes personenbezogener Daten einzuhalten und den Interessenausgleich zwischen unserem Unternehmen und den Eigent\u00fcmern personenbezogener Daten zu wahren.<\/p>\n<ol start=\"8\">\n<li><b><\/b><b>Bedingungen f\u00fcr die Verarbeitung besonderer personenbezogener Daten im Rahmen unserer Unternehmensrichtlinie;<\/b><b><\/b><\/li>\n<\/ol>\n<p>Unser Unternehmen verarbeitet keine besonderen personenbezogenen Daten ohne die ausdr\u00fcckliche Einwilligung der betroffenen Person. Allerdings d\u00fcrfen in gesetzlich vorgeschriebenen F\u00e4llen auch andere personenbezogene Daten als Gesundheits- und Sexuallebensdaten ohne die ausdr\u00fcckliche Einwilligung der betroffenen Person verarbeitet werden. Personenbezogene Daten im Zusammenhang mit Gesundheit und Sexualleben werden von unserem Unternehmen nur zum Schutz der \u00f6ffentlichen Gesundheit, zur Bereitstellung von Pr\u00e4ventivmedizin, medizinischen Diagnose- und Behandlungs- und Pflegediensten, zur Planung und Verwaltung von Gesundheitsdiensten und deren Finanzierung ohne die ausdr\u00fcckliche Zustimmung der betroffenen Person und unter Bedingungen verarbeitet, unter denen wir einer Vertraulichkeitsverpflichtung unterliegen. Unser Unternehmen f\u00fchrt den erforderlichen Folgeprozess und die Ma\u00dfnahmen und Anforderungen, die unser Unternehmen ergreifen kann, sorgf\u00e4ltig durch und ergreift die vom Vorstand festgelegten angemessenen Ma\u00dfnahmen bei der Verarbeitung besonderer personenbezogener Daten in dieser Hinsicht.<\/p>\n<ol start=\"9\">\n<li><b><\/b><b>L\u00f6schung, Vernichtung oder Anonymisierung personenbezogener Daten im Rahmen unserer Unternehmensrichtlinie:<\/b><\/li>\n<\/ol>\n<p>Obwohl unser Unternehmen personenbezogene Daten in \u00dcbereinstimmung mit dem Gesetz und anderen relevanten Rechtsvorschriften verarbeitet hat, werden personenbezogene Daten, wenn die Gr\u00fcnde f\u00fcr die Verarbeitung entfallen, von Amts wegen oder auf Anfrage der betreffenden Person vom Datenverantwortlichen gel\u00f6scht, vernichtet oder anonymisiert. Vorbehalten bleiben die Bestimmungen anderer Gesetze zur L\u00f6schung, Vernichtung oder Anonymisierung personenbezogener Daten. Die Verfahren und Grunds\u00e4tze zur L\u00f6schung, Vernichtung oder Anonymisierung personenbezogener Daten werden durch Verordnung geregelt.<\/p>\n<ol start=\"10\">\n<li><b><\/b><b>\u00dcbermittlung personenbezogener Daten im Rahmen unserer Unternehmensrichtlinie:<\/b><\/li>\n<\/ol>\n<ul>\n<li>Wenn es notwendig ist, das Leben oder die k\u00f6rperliche Unversehrtheit des Inhabers der personenbezogenen Daten oder einer anderen Person zu sch\u00fctzen und der Inhaber der personenbezogenen Daten aufgrund einer faktischen Unm\u00f6glichkeit nicht in der Lage ist, seine Zustimmung zu erteilen, oder wenn seine Zustimmung nicht rechtsg\u00fcltig ist,<\/li>\n<li>Ist die \u00dcbermittlung personenbezogener Daten der Vertragsparteien erforderlich, sofern diese in direktem Zusammenhang mit der Begr\u00fcndung oder Durchf\u00fchrung eines Vertrags stehen,<\/li>\n<li>Wenn die \u00dcbermittlung personenbezogener Daten f\u00fcr unser Unternehmen zur Erf\u00fcllung seiner gesetzlichen Verpflichtungen zwingend erforderlich ist,<\/li>\n<li>Wenn die personenbezogenen Daten vom Eigent\u00fcmer der personenbezogenen Daten \u00f6ffentlich gemacht wurden,<\/li>\n<li>Wenn die \u00dcbermittlung personenbezogener Daten f\u00fcr die Begr\u00fcndung, Aus\u00fcbung oder den Schutz eines Rechts zwingend erforderlich ist,<\/li>\n<li>Wenn die \u00dcbermittlung personenbezogener Daten zur Wahrung der berechtigten Interessen unseres Unternehmens zwingend erforderlich ist und die Grundrechte und -freiheiten des Inhabers der personenbezogenen Daten dadurch nicht beeintr\u00e4chtigt werden, d\u00fcrfen diese Daten \u00fcbermittelt werden.<\/li>\n<\/ul>\n<ol start=\"11\">\n<li><b><\/b><b>\u00dcbermittlung personenbezogener Daten ins Ausland im Rahmen unserer Unternehmensrichtlinie:<\/b><b><\/b><\/li>\n<\/ol>\n<p>Unser Unternehmen kann die personenbezogenen Daten und besonderen personenbezogenen Daten der Eigent\u00fcmer personenbezogener Daten an Dritte im Ausland \u00fcbermitteln, indem es die erforderlichen Sicherheitsma\u00dfnahmen im Einklang mit den Zwecken der Verarbeitung personenbezogener Daten ergreift. Zu diesem Zweck verarbeitet unser Unternehmen personenbezogene Daten unter Ber\u00fccksichtigung der im einschl\u00e4gigen Gesetz aufgef\u00fchrten Aspekte. Die Daten k\u00f6nnen in L\u00e4nder \u00fcbermittelt werden, die vom KVK-Vorstand als L\u00e4nder mit angemessenem Schutz eingestuft wurden, oder, falls kein angemessener Schutz besteht, in L\u00e4nder, in denen sich die f\u00fcr die Datenverarbeitung Verantwortlichen in der T\u00fcrkei und im jeweiligen Land schriftlich verpflichtet haben, f\u00fcr angemessenen Schutz zu sorgen, und in denen der KVK-Vorstand seine Zustimmung erteilt hat. L\u00e4nder mit diesen Merkmalen werden vom Personal Data Protection Board bekannt gegeben.<\/p>\n<ol start=\"12\">\n<li><b><\/b><b>Klassifizierung personenbezogener Daten im Rahmen unserer Unternehmensrichtlinie:<\/b><\/li>\n<\/ol>\n<p>Unser Unternehmen verarbeitet personenbezogene Daten, indem es sie gem\u00e4\u00df dem Gesetz Nr. 6698 zum Schutz personenbezogener Daten in bestimmte Definitionen einteilt. Erl\u00e4uterungen zu diesen Klassen finden Sie weiter unten.<\/p>\n<ol>\n<li><b><\/b><b>Identit\u00e4tsinformationen des Eigent\u00fcmers personenbezogener Daten<\/b><\/li>\n<\/ol>\n<p>Dabei handelt es sich um Daten zur Identit\u00e4t des Inhabers der personenbezogenen Daten. Diese Daten;<\/p>\n<ul>\n<li>Name-Nachname,<span class=\"Apple-converted-space\">\u00a0<\/span><\/li>\n<li>t\u00fcrkische Identit\u00e4tsnummer,<\/li>\n<li>Familienstand,<\/li>\n<li>Informationen zur Staatsangeh\u00f6rigkeit,<\/li>\n<li>Vor- und Nachname der Mutter-Vater,<\/li>\n<li>Geburtsort und -datum,<\/li>\n<li>Geschlecht<span class=\"Apple-converted-space\">\u00a0<\/span><\/li>\n<li>F\u00fchrerschein,<\/li>\n<li>Ausweis<\/li>\n<li>Reisepass<\/li>\n<li>Steuernummer,<\/li>\n<li>Sozialversicherungsnummer,<\/li>\n<li>Signaturinformationen,<\/li>\n<li>Es enth\u00e4lt das Fahrzeugkennzeichen und weitere Informationen.<\/li>\n<\/ul>\n<ol start=\"2\">\n<li><b><\/b><b>Kontaktinformationen des Eigent\u00fcmers der personenbezogenen Daten;<\/b><b><\/b><\/li>\n<\/ol>\n<p>Dabei handelt es sich um Daten zur Identit\u00e4t des Inhabers der personenbezogenen Daten. Diese Daten;<\/p>\n<ul>\n<li>Telefonnummer,<\/li>\n<li>Adresse,<\/li>\n<li>E-Mail-Adresse,<\/li>\n<li>Faxnummer,<\/li>\n<li>Es enth\u00e4lt die IP-Adresse und andere Informationen.<\/li>\n<\/ul>\n<ol start=\"3\">\n<li><b><\/b><b>Transaktionssicherheitsinformationen des Eigent\u00fcmers personenbezogener Daten;<\/b><b><\/b><\/li>\n<\/ol>\n<p>Dabei handelt es sich um personenbezogene Daten, die im Rahmen der technischen, administrativen, rechtlichen und kommerziellen Sicherheit sowohl des Eigent\u00fcmers der personenbezogenen Daten als auch des Unternehmens w\u00e4hrend der vom Unternehmen intern und extern durchgef\u00fchrten Vorg\u00e4nge verarbeitet werden.<\/p>\n<ol start=\"4\">\n<li><b><\/b><b>Finanzinformationen des Eigent\u00fcmers der personenbezogenen Daten;<\/b><b><\/b><\/li>\n<\/ol>\n<p>Informationen und Dokumente, aus denen alle Arten von finanziellen Ergebnissen hervorgehen, die sich aus dem vom Unternehmen mit dem Inhaber der personenbezogenen Daten eingegangenen Arbeitsverh\u00e4ltnis ergeben. Zus\u00e4tzlich;<\/p>\n<ul>\n<li>Personenbezogene Daten, die im Zusammenhang mit der Akte verarbeitet werden,<\/li>\n<li>Bankkontonummer,<\/li>\n<li>Filialcode,<\/li>\n<li>Bankkarteninformationen,<\/li>\n<li>IBAN-Nummer,<\/li>\n<li>Kreditkarteninformationen,<\/li>\n<li>Finanzprofil,<\/li>\n<li>Kreditw\u00fcrdigkeit,<\/li>\n<li>Anlagendaten,<\/li>\n<li>Es ist in den Einkommensinformationen und sonstigen Informationen enthalten.<\/li>\n<\/ul>\n<ol start=\"5\">\n<li><b><\/b><b>Visuelle und akustische Informationen des Eigent\u00fcmers personenbezogener Daten;<\/b><b><\/b><\/li>\n<\/ol>\n<p>Foto- und Kameraaufnahmen, Tonaufnahmen sowie s\u00e4mtliche Daten und sonstige Informationen, die diese Daten enthalten.<\/p>\n<ol start=\"6\">\n<li><b><\/b><b>Personenbezogene Daten<span class=\"Apple-converted-space\">\u00a0 <\/span>Pers\u00f6nliche Informationen des Eigent\u00fcmers;<\/b><b><\/b><\/li>\n<\/ol>\n<p>Dabei handelt es sich um alle personenbezogenen Daten, die verarbeitet werden, um Informationen zu erhalten, die die Grundlage f\u00fcr den Schutz der Pers\u00f6nlichkeitsrechte realer Personen bilden, die in einer Arbeitsbeziehung mit dem Eigent\u00fcmer der personenbezogenen Daten stehen.<\/p>\n<ol start=\"7\">\n<li><b><\/b><b>Standortinformationen des Eigent\u00fcmers der personenbezogenen Daten;<\/b><\/li>\n<\/ol>\n<p>Informationen, die den Standort des Inhabers personenbezogener Daten bestimmen, w\u00e4hrend der Inhaber personenbezogener Daten Firmenfahrzeuge im Rahmen der Aktivit\u00e4ten und Gesch\u00e4ftst\u00e4tigkeiten des Unternehmens oder von Unternehmen und Institutionen, mit denen es zusammenarbeitet, nutzt; GPS-Standort, Reisedaten und weitere Informationen.<\/p>\n<ol start=\"8\">\n<li><b><\/b><b>Informationen \u00fcber die Familienmitglieder und Verwandten des Inhabers der personenbezogenen Daten;<\/b><\/li>\n<\/ol>\n<p><b><span class=\"Apple-converted-space\">\u00a0<\/span><\/b><\/p>\n<p>Identit\u00e4tsinformationen und Kontaktinformationen, wie oben definiert, \u00fcber Familienmitglieder (z. B. Ehepartner, Mutter, Vater, Kind), Verwandte und andere Personen, die in Notsituationen im Rahmen der Aktivit\u00e4ten und Gesch\u00e4ftst\u00e4tigkeiten des Unternehmens oder der Unternehmen und Institutionen, mit denen es zusammenarbeitet, oder zum Schutz der rechtlichen und sonstigen Interessen des Unternehmens und des Inhabers der personenbezogenen Daten erreicht werden k\u00f6nnen.<\/p>\n<ol start=\"9\">\n<li><b><\/b><b>Informationen zur physischen Standortsicherheit des Eigent\u00fcmers personenbezogener Daten;<\/b><b><\/b><\/li>\n<\/ol>\n<p><b><span class=\"Apple-converted-space\">\u00a0<\/span><\/b><\/p>\n<p>Personenbezogene Daten zu Aufzeichnungen und Dokumenten, die beim Betreten des physischen Standorts und w\u00e4hrend des Aufenthalts am physischen Standort erstellt wurden;<span class=\"Apple-converted-space\">\u00a0<\/span><\/p>\n<ul>\n<li>Kameraaufnahmen,<\/li>\n<li>Fingerabdruckaufzeichnungen<\/li>\n<li>Aufzeichnungen und andere Daten, die am Sicherheitspunkt erfasst werden.<\/li>\n<\/ul>\n<ol start=\"10\">\n<li><b><\/b><b>Informationen zum Rechtsverfahren des Eigent\u00fcmers personenbezogener Daten;<\/b><b><\/b><\/li>\n<\/ol>\n<p>Daten, die im Rahmen der Feststellung und Verfolgung der rechtlichen Forderungen und Rechte des Unternehmens sowie der Erf\u00fcllung seiner Schulden und rechtlichen Verpflichtungen verarbeitet werden.<\/p>\n<ol start=\"11\">\n<li><b><\/b><b>Personenbezogene Daten<span class=\"Apple-converted-space\">\u00a0 <\/span>Besondere personenbezogene Daten des Eigent\u00fcmers;<\/b><b><\/b><\/li>\n<\/ol>\n<p>Dies sind die in Artikel 6 des Gesetzes zum Schutz personenbezogener Daten Nr. 6698 genannten Daten. (Gesundheitsdaten, biometrische Daten, Angaben zur Religions- und Vereinszugeh\u00f6rigkeit etc.)<\/p>\n<ol start=\"12\">\n<li><b><\/b><b>Informationen zum Anfrage-\/Beschwerdemanagement des Eigent\u00fcmers personenbezogener Daten;<\/b><b><\/b><\/li>\n<\/ol>\n<p>Hierbei handelt es sich um Daten, die sich auf den Inhaber der personenbezogenen Daten beziehen und sich auf den Empfang und die Auswertung aller an unser Unternehmen gerichteten Anfragen oder Beschwerden beziehen.<\/p>\n<ol start=\"13\">\n<li><b><\/b><b>Zwecke der Verarbeitung personenbezogener Daten im Rahmen unserer Unternehmensrichtlinie:<\/b><b><\/b><\/li>\n<\/ol>\n<p>Um der Offenlegungspflicht gem\u00e4\u00df Artikel 10 des Gesetzes zum Schutz personenbezogener Daten Nr. 6698 nachzukommen, informiert unser Unternehmen die Dateneigent\u00fcmer \u00fcber die Zwecke, zu denen personenbezogene Daten verarbeitet werden, und an wen und zu welchem Zweck die verarbeiteten Daten \u00fcbermittelt werden k\u00f6nnen.<\/p>\n<p>Ihre personenbezogenen Daten; unsere Personalpolitik bestm\u00f6glich zu planen und umzusetzen, unsere kommerziellen Partnerschaften und Strategien richtig zu planen und auszuf\u00fchren, die rechtliche, kommerzielle und physische Sicherheit unseres Unternehmens und unserer Gesch\u00e4ftspartner zu gew\u00e4hrleisten, die Unternehmensfunktionalit\u00e4t unseres Unternehmens sicherzustellen und darauf hinzuwirken, dass Sie den gr\u00f6\u00dftm\u00f6glichen Nutzen aus den von unserem Unternehmen angebotenen Produkten und Dienstleistungen ziehen; Die personenbezogenen Daten werden im Rahmen der in den Artikeln 5 und 6 des Gesetzes festgelegten Bedingungen f\u00fcr die Verarbeitung personenbezogener Daten verarbeitet, und zwar beschr\u00e4nkt auf die Zwecke, die von unserem Unternehmen angebotenen Produkte und Dienstleistungen zu empfehlen, indem diese an Ihre Anforderungen, Bed\u00fcrfnisse und W\u00fcnsche angepasst werden, ein H\u00f6chstma\u00df an Datensicherheit gew\u00e4hrleistet wird, Datenbanken erstellt werden, die auf der Website unseres Unternehmens angebotenen Dienstleistungen verbessert werden, mit denjenigen kommuniziert wird, die ihre Anforderungen und Beschwerden an unser Unternehmen richten, und Fehler auf der Website unseres Unternehmens behoben werden.<\/p>\n<ol start=\"14\">\n<li><b><\/b><b>Zwecke der \u00dcbermittlung personenbezogener Daten im Rahmen unserer Unternehmensrichtlinie:<\/b><\/li>\n<\/ol>\n<p>Die Daten des Inhabers der personenbezogenen Daten werden f\u00fcr die optimale Planung und Umsetzung unserer Personalpolitik, die korrekte Planung und Durchf\u00fchrung unserer kommerziellen Partnerschaften und Strategien, die Gew\u00e4hrleistung der rechtlichen, kommerziellen und physischen Sicherheit unseres Unternehmens und unserer Gesch\u00e4ftspartner, das Funktionieren unseres Unternehmens und daf\u00fcr verwendet, sicherzustellen, dass Sie den bestm\u00f6glichen Nutzen aus den von unserem Unternehmen angebotenen Produkten und Dienstleistungen ziehen; Die Weitergabe erfolgt im Rahmen der in den Artikeln 8 und 9 des Gesetzes genannten Bedingungen und beschr\u00e4nkt sich auf die Zwecke, die von unserem Unternehmen angebotenen Produkte und Dienstleistungen entsprechend Ihren Anforderungen, Bed\u00fcrfnissen und W\u00fcnschen anzupassen und Ihnen diese zu empfehlen, ein H\u00f6chstma\u00df an Datensicherheit zu gew\u00e4hrleisten, Datenbanken zu erstellen, die auf der Website unseres Unternehmens angebotenen Dienstleistungen zu verbessern, mit denjenigen zu kommunizieren, die ihre Anforderungen und Beschwerden an unser Unternehmen senden, und Fehler auf der Website unseres Unternehmens zu beheben.<\/p>\n<ol start=\"15\">\n<li><b><\/b><b>Personen, an die personenbezogene Daten im Rahmen unserer Unternehmensrichtlinie \u00fcbermittelt werden<\/b><\/li>\n<\/ol>\n<p>Daten des Eigent\u00fcmers der personenbezogenen Daten;<span class=\"Apple-converted-space\">\u00a0<\/span><\/p>\n<ul>\n<li>An unsere Aktion\u00e4re,<\/li>\n<li>An unsere Gesch\u00e4ftspartner,<\/li>\n<li>An unsere Lieferanten,<\/li>\n<li>An unsere Partnerunternehmen,<\/li>\n<li>An die Unternehmen und Institutionen, mit denen wir zusammenarbeiten,<\/li>\n<li>Eine Weitergabe kann an Unternehmen erfolgen, von denen unser Unternehmen externe Dienstleistungen bezieht (z. B. zu Themen wie Sicherheit, Gesundheit, Arbeitsschutz, Recht etc.) sowie an dazu berechtigte Institutionen und Organisationen zur Erf\u00fcllung unserer vertraglichen oder gesetzlichen Pflichten.<\/li>\n<\/ul>\n<ol start=\"16\">\n<li><b><\/b><b>Methode und Rechtsgrundlage der Erhebung personenbezogener Daten im Rahmen unserer Unternehmensrichtlinie<\/b><b><\/b><\/li>\n<\/ol>\n<p>Zum Zweck der Pr\u00fcfung der Art und Weise der Einhaltung von Artikel 1, der den Zweck des Gesetzes Nr. 6698 zum Schutz personenbezogener Daten regelt, und Artikel 2, der den Geltungsbereich des Gesetzes regelt, personenbezogene Daten;<span class=\"Apple-converted-space\">\u00a0<\/span><\/p>\n<ul>\n<li>Alle Arten verbaler,<\/li>\n<li>Geschrieben,<\/li>\n<li>In der elektronischen Umgebung, durch technische und andere Methoden,<span class=\"Apple-converted-space\">\u00a0<\/span><\/li>\n<li>Callcenter, Unsere Firmenwebsite,<span class=\"Apple-converted-space\">\u00a0<\/span><\/li>\n<li>Durch verschiedene Mittel wie mobile Anwendungen,<span class=\"Apple-converted-space\">\u00a0<\/span><\/li>\n<li>Gesetzgebung zur Erreichung der in der Politik festgelegten Ziele,<span class=\"Apple-converted-space\">\u00a0<\/span><\/li>\n<li>Vereinbarung,<span class=\"Apple-converted-space\">\u00a0<\/span><\/li>\n<li>Die Erhebung erfolgt zur vollst\u00e4ndigen und genauen Erf\u00fcllung der sich aus dem Gesetz ergebenden Pflichten im Rahmen der gesetzlichen Gr\u00fcnde auf Anforderung und Anfrage.<\/li>\n<\/ul>\n<p>Nach diesen Erhebungsmethoden werden die Daten von unserem Unternehmen oder von unserem Unternehmen beauftragten Datenverarbeitern verarbeitet.<\/p>\n<ol start=\"17\">\n<li><b><\/b><b>L\u00f6schung, Vernichtung oder Anonymisierung personenbezogener Daten im Rahmen unserer Unternehmensrichtlinie:<\/b><b><\/b><\/li>\n<\/ol>\n<p>Unbeschadet der Bestimmungen anderer Gesetze bez\u00fcglich der L\u00f6schung, Vernichtung oder Anonymisierung personenbezogener Daten wird unser Unternehmen personenbezogene Daten von Amts wegen oder auf Anfrage des Dateneigent\u00fcmers l\u00f6schen, vernichten oder anonymisieren, falls die Gr\u00fcnde f\u00fcr die Verarbeitung wegfallen, obwohl die personenbezogenen Daten gem\u00e4\u00df dem Gesetz Nr. 6698 zum Schutz personenbezogener Daten und anderen gesetzlichen Bestimmungen verarbeitet wurden.<\/p>\n<p>Durch die L\u00f6schung personenbezogener Daten werden diese so vernichtet, dass sie nicht mehr verwendet oder abgerufen werden k\u00f6nnen. Demnach werden personenbezogene Daten unwiderruflich aus den Dokumenten, Dateien, CDs, Disketten, Festplatten usw. gel\u00f6scht, auf denen sie gespeichert sind.<\/p>\n<p>Unter der Vernichtung personenbezogener Daten versteht man die Vernichtung von Datentr\u00e4gern wie Dokumenten, Dateien, CDs, Disketten und Festplatten, auf denen die Daten gespeichert sind, und zwar auf eine Weise, die es unm\u00f6glich macht, die Informationen wiederherzustellen oder erneut zu verwenden.<\/p>\n<p>Mit der Anonymisierung der Daten ist gemeint, dass personenbezogene Daten auch bei Zusammenf\u00fchrung mit anderen Daten nicht einer identifizierten oder identifizierbaren nat\u00fcrlichen Person zugeordnet werden k\u00f6nnen.<\/p>\n<ol start=\"18\">\n<li><b><\/b><b>Speicherdauer personenbezogener Daten im Rahmen unserer Unternehmensrichtlinie:<\/b><b><\/b><\/li>\n<\/ol>\n<p>Unser Unternehmen speichert personenbezogene Daten gem\u00e4\u00df den im Gesetz zum Schutz personenbezogener Daten Nr. 6698 und anderen Gesetzen festgelegten Zeitr\u00e4umen. Sofern im Gesetz zum Schutz personenbezogener Daten Nr. 6698 und anderen Gesetzen keine Regelung hinsichtlich der Dauer der Speicherung personenbezogener Daten vorliegt, werden personenbezogene Daten f\u00fcr einen bestimmten Zeitraum verarbeitet, bis die Aktivit\u00e4t, bei der unser Unternehmen diese personenbezogenen Daten verarbeitet, abgeschlossen ist, und anschlie\u00dfend gel\u00f6scht, vernichtet oder anonymisiert.<\/p>\n<ol start=\"19\">\n<li><b><\/b><b>Information des Inhabers personenbezogener Daten im Rahmen unserer Unternehmensrichtlinie:<\/b><b><\/b><\/li>\n<\/ol>\n<p>Unser Unternehmen informiert die Eigent\u00fcmer personenbezogener Daten w\u00e4hrend der Erfassung personenbezogener Daten im Rahmen von Artikel 10 des Gesetzes Nr. 6698 zum Schutz personenbezogener Daten. In diesem Zusammenhang werden gegebenenfalls die Identit\u00e4t des Unternehmensvertreters, der Zweck der Verarbeitung personenbezogener Daten, an wen und zu welchem Zweck die verarbeiteten personenbezogenen Daten \u00fcbermittelt werden k\u00f6nnen, die Methode und der Rechtsgrund f\u00fcr die Erhebung personenbezogener Daten sowie die Rechte des Eigent\u00fcmers personenbezogener Daten erl\u00e4utert.<\/p>\n<ol start=\"20\">\n<li><b><\/b><b>Rechte des Inhabers personenbezogener Daten gem\u00e4\u00df dem KVKK-Gesetz im Rahmen unserer Unternehmensrichtlinie:<\/b><b><\/b><\/li>\n<\/ol>\n<p>Unser Unternehmen informiert alle \u00fcber Ihre Rechte gem\u00e4\u00df Artikel 10 des Gesetzes zum Schutz personenbezogener Daten Nr. 6698; Es bietet Anleitungen zur Aus\u00fcbung dieser Rechte und trifft die erforderlichen internen Funktions-, Verwaltungs- und technischen Vorkehrungen f\u00fcr all diese Rechte. Unser Unternehmen stellt Personen, deren personenbezogene Daten gem\u00e4\u00df Artikel 11 des Gesetzes erhoben werden, Folgendes zur Verf\u00fcgung:<\/p>\n<ul>\n<li>Erfahren, ob personenbezogene Daten verarbeitet werden,<\/li>\n<li>Auskunft \u00fcber die Verarbeitung personenbezogener Daten zu verlangen,<\/li>\n<li>Um zu erfahren, zu welchem Zweck personenbezogene Daten verarbeitet werden und ob sie ihrem Zweck entsprechend verwendet werden,<\/li>\n<li>Um die Drittparteien zu kennen, an die personenbezogene Daten im In- und Ausland \u00fcbermittelt werden,<\/li>\n<li>Die Berichtigung unvollst\u00e4ndiger oder unrichtig verarbeiteter personenbezogener Daten zu verlangen,<\/li>\n<li>Fordern Sie die L\u00f6schung oder Vernichtung personenbezogener Daten im Rahmen der in Artikel 7 des Gesetzes festgelegten Bedingungen an.<\/li>\n<li>Fordern Sie, dass die gem\u00e4\u00df Artikel 11 Unterabs\u00e4tze (d) und (e) des Gesetzes durchgef\u00fchrten Transaktionen Dritten mitgeteilt werden, an die personenbezogene Daten \u00fcbermittelt wurden.<\/li>\n<li>Einspruch gegen ein Ergebnis zu erheben, das zum Nachteil der Person selbst ist, da die Analyse der verarbeiteten Daten ausschlie\u00dflich durch automatisierte Systeme erfolgt,<\/li>\n<li>Erkl\u00e4rt, dass sie das Recht haben, im Falle von Sch\u00e4den aufgrund der unrechtm\u00e4\u00dfigen Verarbeitung personenbezogener Daten Schadensersatz zu verlangen.<\/li>\n<\/ul>\n<p>Ihre Anfragen zur Umsetzung des Gesetzes zum Schutz personenbezogener Daten Nr. 6698 <b>Gesetz zum Schutz personenbezogener Daten Dateneigent\u00fcmer<\/b><b> <\/b><b>Anwendung<\/b><b> <\/b><b>Bilden&#039;<\/b>schriftlich oder mit einer sicheren elektronischen Signatur unter Verwendung des Personal Data Protection Board (\u201e<b>Der Vorstand<\/b>\u201e) Sie k\u00f6nnen es an unser Unternehmen weiterleiten, indem Sie es an die auf dem Antragsformular angegebene Adresse senden oder indem Sie andere vom Unternehmen festgelegte Methoden verwenden. Unser Unternehmen wird Ihre Anfragen in der Anwendung kostenlos und so schnell wie m\u00f6glich, sp\u00e4testens jedoch innerhalb von drei\u00dfig Tagen, je nach Art der Anfrage, bearbeiten. Wenn jedoch f\u00fcr die betreffende Transaktion zus\u00e4tzliche Kosten anfallen, kann die Geb\u00fchr gem\u00e4\u00df dem vom Vorstand festgelegten Tarif erhoben werden.<span class=\"Apple-converted-space\">\u00a0<\/span><\/p>\n<p>Unser Unternehmen kann die Anfrage unter Angabe der Gr\u00fcnde annehmen oder ablehnen. benachrichtigt die betreffende Person schriftlich oder elektronisch \u00fcber seine Antwort. Wenn der Antrag angenommen wird, wird unser Unternehmen die erforderlichen Ma\u00dfnahmen ergreifen. Wenn die Anwendung auf einen Fehler unseres Unternehmens zur\u00fcckzuf\u00fchren ist, wird die Geb\u00fchr dem Dateneigent\u00fcmer zur\u00fcckerstattet.<\/p>\n<p>In F\u00e4llen, in denen der Antrag abgelehnt wird, die Antwort als unzureichend erachtet wird oder der Antrag nicht fristgerecht beantwortet wird; Der Eigent\u00fcmer der Daten hat das Recht, innerhalb von drei\u00dfig Tagen ab dem Datum, an dem er von der Antwort Kenntnis erlangt hat, und in jedem Fall innerhalb von sechzig Tagen ab dem Datum der Antragstellung eine Beschwerde bei der Beh\u00f6rde einzureichen.<\/p>\n<ol start=\"21\">\n<li><b><\/b><b>F\u00e4lle, in denen die Richtlinie und das Gesetz im Rahmen unserer Unternehmensrichtlinie nicht oder nur teilweise angewendet werden:<\/b><b><\/b><\/li>\n<\/ol>\n<p>Diese Unternehmensrichtlinie und die gesetzlichen Bestimmungen gelten in den folgenden F\u00e4llen nicht:<\/p>\n<ul>\n<li>Verarbeitung personenbezogener Daten durch nat\u00fcrliche Personen im Rahmen von T\u00e4tigkeiten, die sie selbst oder ihre im selben Haushalt lebenden Familienangeh\u00f6rigen betreffen, sofern diese Daten nicht an Dritte weitergegeben werden und die Pflichten zur Datensicherheit eingehalten werden.<\/li>\n<li>Verarbeitung personenbezogener Daten durch Anonymisierung mit Hilfe der amtlichen Statistik zu Zwecken wie Forschung, Planung und Statistik.<\/li>\n<li>Verarbeitung personenbezogener Daten zu k\u00fcnstlerischen, historischen, literarischen oder wissenschaftlichen Zwecken oder im Rahmen der freien Meinungs\u00e4u\u00dferung, sofern dadurch nicht die Landesverteidigung, die nationale Sicherheit, die \u00f6ffentliche Sicherheit, die \u00f6ffentliche Ordnung, die wirtschaftliche Sicherheit, die Privatsph\u00e4re oder Pers\u00f6nlichkeitsrechte verletzt werden oder kein Verbrechen dargestellt wird.<\/li>\n<li>Verarbeitung personenbezogener Daten im Rahmen von Pr\u00e4ventions-, Schutz- und Aufkl\u00e4rungst\u00e4tigkeiten \u00f6ffentlicher Einrichtungen und Organisationen, die gesetzlich dazu befugt sind, die Landesverteidigung, die nationale Sicherheit, die \u00f6ffentliche Sicherheit, die \u00f6ffentliche Ordnung oder die wirtschaftliche Sicherheit zu gew\u00e4hrleisten.<\/li>\n<li>Verarbeitung personenbezogener Daten durch Justizbeh\u00f6rden oder Vollstreckungsbeh\u00f6rden im Zusammenhang mit Ermittlungs-, Strafverfolgungs-, Gerichts- oder Vollstreckungsverfahren.<\/li>\n<\/ul>\n<p>Sofern dies im Einklang mit und verh\u00e4ltnism\u00e4\u00dfig zum Zweck und den Grundprinzipien dieser Richtlinie und dem Gesetz Nr. 6698 zum Schutz personenbezogener Daten steht, finden Artikel 10, der die Informationspflicht des f\u00fcr die Verarbeitung Verantwortlichen regelt, Artikel 11, der die Rechte der betroffenen Person (mit Ausnahme des Anspruchs auf Schadensersatz) regelt, und Artikel 16, der die Pflicht zur Registrierung im Register der f\u00fcr die Verarbeitung Verantwortlichen regelt, in den folgenden F\u00e4llen keine Anwendung.<\/p>\n<ul>\n<li>Die Verarbeitung personenbezogener Daten ist zur Verhinderung von Straftaten oder zur Ermittlung von Straftaten erforderlich.<\/li>\n<li>Verarbeitung personenbezogener Daten, die von der betroffenen Person \u00f6ffentlich gemacht wurden.<\/li>\n<li>Die Verarbeitung personenbezogener Daten ist zur Erf\u00fcllung aufsichtsrechtlicher oder beh\u00f6rdlicher Pflichten oder zur Durchf\u00fchrung disziplinarischer Ermittlungen oder Strafverfolgungen durch dazu befugte \u00f6ffentliche Einrichtungen und Organisationen sowie Berufsverb\u00e4nde mit dem Status \u00f6ffentlicher Einrichtungen aufgrund der gesetzlich erteilten Befugnis erforderlich.<\/li>\n<li>Die Verarbeitung personenbezogener Daten ist zur Wahrung der wirtschaftlichen und finanziellen Interessen des Staates in Haushalts-, Steuer- und Finanzangelegenheiten erforderlich.<\/li>\n<\/ul>\n<ol start=\"22\">\n<li><b><\/b><b>Klassifizierung der Eigent\u00fcmer personenbezogener Daten im Rahmen unserer Unternehmensrichtlinie:<\/b><b><\/b><\/li>\n<\/ol>\n<p>Nur nat\u00fcrliche Personen k\u00f6nnen vom Schutz dieser Richtlinie und des Gesetzes profitieren; Inhaber personenbezogener Daten werden in diesem Rahmen wie folgt gruppiert:<\/p>\n<table cellspacing=\"0\" cellpadding=\"0\">\n<tbody>\n<tr>\n<td valign=\"top\"><b>Mitarbeiterkandidat<\/b><b><\/b><\/td>\n<td valign=\"top\">Dabei handelt es sich um echte Personen, die sich auf irgendeinem Wege um eine Stelle in unserem Unternehmen beworben oder ihren Lebenslauf und zugeh\u00f6rige Informationen zur Pr\u00fcfung durch unser Unternehmen bereitgestellt haben.<\/td>\n<\/tr>\n<tr>\n<td valign=\"top\"><b>Konzern Unternehmen Kunde<\/b><b><\/b><\/td>\n<td valign=\"top\">Personen, deren personenbezogene Daten \u00fcber Isotec Energy Inc. erhalten werden.<\/td>\n<\/tr>\n<tr>\n<td valign=\"top\"><b>Gesch\u00e4ftspartner des Unternehmens, Gesch\u00e4ftspartner<\/b><\/p>\n<p><b>Aktion\u00e4r, leitender Angestellter, Mitarbeiter<\/b><b><\/b><\/td>\n<td valign=\"top\">Alle nat\u00fcrlichen Personen, einschlie\u00dflich der nat\u00fcrlichen Personen, mit denen unser Unternehmen irgendeine Art von Gesch\u00e4ftsbeziehung unterh\u00e4lt, sowie die Mitarbeiter, Anteilseigner und leitenden Angestellten der nat\u00fcrlichen und juristischen Personen (wie etwa Gesch\u00e4ftspartner, Lieferanten), mit denen unser Unternehmen irgendeine Art von Gesch\u00e4ftsbeziehung unterh\u00e4lt.<\/td>\n<\/tr>\n<tr>\n<td valign=\"top\"><b>Firmenkunde<\/b><b><\/b><\/td>\n<td valign=\"top\">Dabei handelt es sich um nat\u00fcrliche Personen, die die von unserem Unternehmen angebotenen Produkte und Dienstleistungen nutzen oder genutzt haben, unabh\u00e4ngig davon, ob sie in einer vertraglichen Beziehung zu unserem Unternehmen stehen.<\/td>\n<\/tr>\n<tr>\n<td valign=\"top\"><b>Potenzieller Kunde<\/b><b><\/b><\/td>\n<td valign=\"top\">Es handelt sich dabei um echte Personen, die unsere Produkte und Dienstleistungen angefragt oder Interesse an der Nutzung dieser Produkte und Dienstleistungen gezeigt haben oder bei denen gem\u00e4\u00df den Gesch\u00e4ftspraktiken und Integrit\u00e4tsregeln ein solches Interesse wahrscheinlich ist.<\/td>\n<\/tr>\n<tr>\n<td valign=\"top\"><b>Gesellschafter des Unternehmens<\/b><b><\/b><\/td>\n<td valign=\"top\">Sie sind die Aktion\u00e4re der Isotec Energy Joint Stock Company.<\/td>\n<\/tr>\n<tr>\n<td valign=\"top\"><b>Offizieller Vertreter des Unternehmens<\/b><b><\/b><\/td>\n<td valign=\"top\">Mitglied des Vorstands und andere autorisierte Personen der Isotec Energy Joint Stock Company.<\/td>\n<\/tr>\n<tr>\n<td valign=\"top\"><b>Dritte Seite<\/b><b><\/b><\/td>\n<td valign=\"top\">Andere Personen, die nicht durch die f\u00fcr Mitarbeiter des Unternehmens erstellte Richtlinie zum Schutz und zur Verarbeitung personenbezogener Daten von Isotec Enerji Anonim \u015eirketi abgedeckt sind und die in dieser Richtlinie nicht in die Kategorie der Eigent\u00fcmer personenbezogener Daten fallen.<\/td>\n<\/tr>\n<tr>\n<td valign=\"top\"><b>Gast<\/b><b><\/b><\/td>\n<td valign=\"top\">Alle nat\u00fcrlichen Personen, die die R\u00e4umlichkeiten unseres Unternehmens zu verschiedenen Zwecken betreten oder unsere Websites zu irgendeinem Zweck besucht haben.<\/td>\n<\/tr>\n<\/tbody>\n<\/table>\n<ol start=\"23\">\n<li><b><\/b><b>Abgleich personenbezogener Daten mit Eigent\u00fcmern personenbezogener Daten im Rahmen unserer Unternehmensrichtlinie:<\/b><b><\/b><\/li>\n<\/ol>\n<p>Die Zuordnung der klassifizierten personenbezogenen Daten, deren Definitionen und Umfang oben angegeben sind, zu den Eigent\u00fcmern der klassifizierten personenbezogenen Daten wird unten dargestellt.<\/p>\n<table cellspacing=\"0\" cellpadding=\"0\">\n<tbody>\n<tr>\n<td valign=\"top\"><b>Identit\u00e4tsinformationen<\/b><b><\/b><\/td>\n<td valign=\"top\">Gesellschafter des Unternehmens; Firmenbeamter; Firmenkunde; Konzernunternehmenskunde; Potenzieller Kunde; Gesch\u00e4ftspartner des Unternehmens, Gesellschafter, leitender Angestellter, Mitarbeiter von Gesch\u00e4ftspartnern; Arbeitnehmerkandidat; Besucher, Dritte<\/td>\n<\/tr>\n<tr>\n<td valign=\"top\"><b>Kontaktinformationen<\/b><b><\/b><\/td>\n<td valign=\"top\">Gesellschafter des Unternehmens; Firmenbeamter; Firmenkunde; Konzernunternehmenskunde; Potenzieller Kunde; Gesch\u00e4ftspartner des Unternehmens, Gesellschafter, leitender Angestellter, Mitarbeiter von Gesch\u00e4ftspartnern; Arbeitnehmerkandidat; Besucher, Dritte<\/td>\n<\/tr>\n<tr>\n<td valign=\"top\"><b>Informationen zur Transaktionssicherheit<\/b><b><\/b><\/td>\n<td valign=\"top\">Gesellschafter des Unternehmens; Firmenbeamter; Firmenkunde; Konzernunternehmenskunde; Potenzieller Kunde; Gesch\u00e4ftspartner des Unternehmens, Gesellschafter, leitender Angestellter, Mitarbeiter von Gesch\u00e4ftspartnern; Arbeitnehmerkandidat; Besucher, Dritte<\/td>\n<\/tr>\n<tr>\n<td valign=\"top\"><b>Finanzielle Informationen<\/b><b><\/b><\/td>\n<td valign=\"top\">Gesellschafter des Unternehmens; Firmenbeamter; Firmenkunde; Konzernunternehmenskunde; Potenzieller Kunde; Gesch\u00e4ftspartner des Unternehmens, Gesellschafter, leitender Angestellter, Mitarbeiter von Gesch\u00e4ftspartnern; Arbeitnehmerkandidat; Besucher, Dritte<\/td>\n<\/tr>\n<tr>\n<td valign=\"top\"><b>Visuelle und akustische Informationen<\/b><b><\/b><\/td>\n<td valign=\"top\">Gesellschafter des Unternehmens; Firmenbeamter; Firmenkunde; Konzernunternehmenskunde; Potenzieller Kunde; Gesch\u00e4ftspartner des Unternehmens, Gesellschafter, leitender Angestellter, Mitarbeiter von Gesch\u00e4ftspartnern; Arbeitnehmerkandidat; Besucher, Dritte<\/td>\n<\/tr>\n<tr>\n<td valign=\"top\"><b>Pers\u00f6nliche Informationen<\/b><b><\/b><\/td>\n<td valign=\"top\">Gesch\u00e4ftspartner des Unternehmens, Gesellschafter, leitender Angestellter, Mitarbeiter von Gesch\u00e4ftspartnern; Bewerber, Mitarbeiter, Dritte<\/td>\n<\/tr>\n<tr>\n<td valign=\"top\"><b>Standortinformationen<\/b><b><\/b><\/td>\n<td valign=\"top\">Gesch\u00e4ftspartner des Unternehmens, Gesellschafter, leitender Angestellter, Mitarbeiter von Gesch\u00e4ftspartnern<\/td>\n<\/tr>\n<tr>\n<td valign=\"top\"><b>Informationen zu Familienmitgliedern und Verwandten<\/b><b><\/b><\/td>\n<td valign=\"top\">Firmenkunde; Konzernunternehmenskunde; Potenzieller Kunde;<\/p>\n<p>Gesch\u00e4ftspartner des Unternehmens, Gesellschafter, leitender Angestellter, Mitarbeiter von Gesch\u00e4ftspartnern; Arbeitnehmerkandidat; Besucher, Dritte<\/td>\n<\/tr>\n<tr>\n<td valign=\"top\"><b>Informationen zu physischem Raum und Sicherheit<\/b><b><\/b><\/td>\n<td valign=\"top\">Gesellschafter des Unternehmens; Firmenbeamter; Gesch\u00e4ftspartner des Unternehmens, Gesch\u00e4ftspartner<\/p>\n<p>Aktion\u00e4r, leitender Angestellter, Mitarbeiter; Arbeitnehmerkandidat; Besucher, Dritte<\/td>\n<\/tr>\n<tr>\n<td valign=\"top\"><b>Informationen zum Rechtsverfahren<\/b><b><\/b><\/td>\n<td valign=\"top\">Konzernunternehmenskunde; Potenzieller Kunde; Unternehmen Gesch\u00e4ftspartner, Business<\/p>\n<p>Aktion\u00e4re, leitende Angestellte und Mitarbeiter seiner Partner; Drittparteien<\/td>\n<\/tr>\n<tr>\n<td valign=\"top\"><b>Sensible pers\u00f6nliche Informationen<\/b><b><\/b><\/td>\n<td valign=\"top\">Gesellschafter des Unternehmens; Firmenbeamter; Firmenkunde; Konzernunternehmenskunde; Potenzieller Kunde; Gesch\u00e4ftspartner des Unternehmens, Gesellschafter, leitender Angestellter, Mitarbeiter von Gesch\u00e4ftspartnern; Arbeitnehmerkandidat; Besucher, Dritter<\/p>\n<p>Menschen<\/td>\n<\/tr>\n<tr>\n<td valign=\"top\"><b>Informationen zum Anfrage-\/Beschwerdemanagement<\/b><b><\/b><\/td>\n<td valign=\"top\">Gesellschafter des Unternehmens; Firmenbeamter; Firmenkunde; Konzernunternehmenskunde; Potenzieller Kunde; Gesch\u00e4ftspartner des Unternehmens, Gesellschafter, leitender Angestellter, Mitarbeiter von Gesch\u00e4ftspartnern; Arbeitnehmerkandidat; Besucher, Dritter<\/p>\n<p>Menschen<\/td>\n<\/tr>\n<\/tbody>\n<\/table>\n<p>&nbsp;<\/p>\n<p>&nbsp;<\/p>\n<p><b>ISOTEC ENERGY AG<\/b><\/p>\n<p><b>RICHTLINIEN ZUR SPEICHERUNG UND VERNICHTUNG PERS\u00d6NLICHER DATEN<\/b><\/p>\n<p>Der Zweck dieser Richtlinie besteht darin, die Verfahren und Grunds\u00e4tze f\u00fcr die L\u00f6schung, Vernichtung oder Anonymisierung personenbezogener Daten festzulegen, die mit voll- oder teilweise automatischen oder nicht automatischen Mitteln verarbeitet werden, sofern sie Teil eines Datenaufzeichnungssystems sind. Diese Richtlinie wurde von \u0130sotec Enerji Anonim \u015eirketi gem\u00e4\u00df der Verordnung zur L\u00f6schung, Vernichtung oder Anonymisierung personenbezogener Daten erstellt, die auf Grundlage des dritten Absatzes von Artikel 7 und Unterabsatz (e) des ersten Absatzes von Artikel 22 des Gesetzes Nr. 6698 erstellt wurde.<\/p>\n<ol>\n<li><b>DEFINITIONEN<\/b><\/li>\n<\/ol>\n<table cellspacing=\"0\" cellpadding=\"0\">\n<tbody>\n<tr>\n<td valign=\"top\"><b>K\u00e4ufergruppe<\/b><b><\/b><\/td>\n<td valign=\"top\">Die Kategorie der nat\u00fcrlichen oder juristischen Personen, an die der f\u00fcr die Verarbeitung Verantwortliche personenbezogene Daten \u00fcbermittelt.<\/td>\n<\/tr>\n<tr>\n<td valign=\"top\"><b>Ausdr\u00fcckliche Zustimmung<\/b><b><\/b><\/td>\n<td valign=\"top\">Die Einwilligung beruht auf einer informierten Einwilligung und wird frei zu einem bestimmten Thema ge\u00e4u\u00dfert.<\/td>\n<\/tr>\n<tr>\n<td valign=\"top\"><b>Anonymisierung<\/b><b><\/b><\/td>\n<td valign=\"top\">Dabei handelt es sich um den Vorgang, personenbezogene Daten so aufzubereiten, dass sie \u2013 auch bei Zusammenf\u00fchrung mit anderen Daten \u2013 in keiner Weise einer identifizierten oder identifizierbaren nat\u00fcrlichen Person zugeordnet werden k\u00f6nnen.<\/td>\n<\/tr>\n<tr>\n<td valign=\"top\"><b>Elektronische Medien<\/b><b><\/b><\/td>\n<td valign=\"top\">Umgebungen, in denen personenbezogene Daten mithilfe elektronischer Ger\u00e4te erstellt, gelesen, ge\u00e4ndert und geschrieben werden k\u00f6nnen.<\/td>\n<\/tr>\n<tr>\n<td valign=\"top\"><b>Nicht-elektronische Medien<\/b><b><\/b><\/td>\n<td valign=\"top\">Alles Geschriebene, Gedruckte, Visuelle usw. au\u00dferhalb elektronischer Medien. andere Umgebungen.<\/td>\n<\/tr>\n<tr>\n<td valign=\"top\"><b>Zugeh\u00f6riger Benutzer<\/b><b><\/b><\/td>\n<td valign=\"top\">Personen, die personenbezogene Daten innerhalb der Organisation des Verantwortlichen oder gem\u00e4\u00df den Befugnissen und Anweisungen des Verantwortlichen verarbeiten, mit Ausnahme der Person oder Einheit, die f\u00fcr die technische Speicherung, den Schutz und die Sicherung der Daten verantwortlich ist.<\/td>\n<\/tr>\n<tr>\n<td valign=\"top\"><b>Zerst\u00f6rung<\/b><b><\/b><\/td>\n<td valign=\"top\">Es handelt sich dabei um den Vorgang des L\u00f6schens, Vernichtens oder Anonymisierens personenbezogener Daten.<\/td>\n<\/tr>\n<tr>\n<td valign=\"top\"><b>Gesetz<\/b><b><\/b><\/td>\n<td valign=\"top\">Gesetz zum Schutz personenbezogener Daten Nr. 6698.<\/td>\n<\/tr>\n<tr>\n<td valign=\"top\"><b>Aufnahmeumgebung<\/b><b><\/b><\/td>\n<td valign=\"top\">Es bezieht sich auf jede Umgebung, in der personenbezogene Daten mit vollst\u00e4ndig oder teilweise automatischen oder nicht automatischen Mitteln verarbeitet werden, sofern sie Teil eines Datenaufzeichnungssystems sind.<\/td>\n<\/tr>\n<tr>\n<td valign=\"top\"><b>Personenbezogene Daten<\/b><b><\/b><\/td>\n<td valign=\"top\">Alle Informationen, die sich auf eine identifizierte oder identifizierbare nat\u00fcrliche Person beziehen.<\/td>\n<\/tr>\n<tr>\n<td valign=\"top\"><b>Verzeichnis der Verarbeitung personenbezogener Daten<\/b><b><\/b><\/td>\n<td valign=\"top\">Von den f\u00fcr die Verarbeitung Verantwortlichen im Rahmen ihrer Gesch\u00e4ftsprozesse durchgef\u00fchrte Aktivit\u00e4ten zur Verarbeitung personenbezogener Daten; Sie erstellen ein Verzeichnis, indem sie die Zwecke der Verarbeitung personenbezogener Daten mit der Datenkategorie, der Empf\u00e4ngergruppe, an die die personenbezogenen Daten \u00fcbermittelt werden, und der Gruppe der betroffenen Personen in Beziehung setzen und detailliert auff\u00fchren, wie lange die personenbezogenen Daten maximal f\u00fcr die Zwecke verarbeitet werden d\u00fcrfen, welche personenbezogenen Daten ins Ausland \u00fcbermittelt werden sollen und welche Ma\u00dfnahmen zur Datensicherheit getroffen wurden.<\/td>\n<\/tr>\n<tr>\n<td valign=\"top\"><b>Verarbeitung personenbezogener Daten<\/b><b><\/b><\/td>\n<td valign=\"top\">Jeder Vorgang, der mit personenbezogenen Daten durchgef\u00fchrt wird, wie etwa das Erheben, Aufzeichnen, Speichern, \u00c4ndern, Neuorganisieren, Offenlegen, \u00dcbermitteln, \u00dcbernehmen, Bereitstellen, Klassifizieren oder Verhindern der Nutzung personenbezogener Daten, ganz oder teilweise, mit automatischen oder nicht automatischen Mitteln, sofern dies Teil eines Datenaufzeichnungssystems ist.<\/td>\n<\/tr>\n<tr>\n<td valign=\"top\"><b>Besondere personenbezogene Daten<\/b><b><\/b><\/td>\n<td valign=\"top\">Daten \u00fcber die Rasse, ethnische Herkunft, politische Ansichten, philosophischen \u00dcberzeugungen, Religion, Sekte oder andere \u00dcberzeugungen, Aussehen und Kleidung, Mitgliedschaft in Vereinen, Stiftungen oder Gewerkschaften, Gesundheit, Sexualleben, strafrechtliche Verurteilungen und Sicherheitsma\u00dfnahmen von Personen sowie biometrische und genetische Daten.<\/td>\n<\/tr>\n<tr>\n<td valign=\"top\"><b>Periodische Zerst\u00f6rung<\/b><b><\/b><\/td>\n<td valign=\"top\">Es handelt sich dabei um den Vorgang der L\u00f6schung, Vernichtung oder Anonymisierung, der von Amts wegen in wiederkehrenden Abst\u00e4nden durchgef\u00fchrt wird und in der Richtlinie zur Speicherung und Vernichtung personenbezogener Daten festgelegt ist, f\u00fcr den Fall, dass alle im Gesetz festgelegten Bedingungen f\u00fcr die Verarbeitung personenbezogener Daten entfallen.<\/td>\n<\/tr>\n<tr>\n<td valign=\"top\"><b>Politik<\/b><b><\/b><\/td>\n<td valign=\"top\">Es handelt sich um die Richtlinie, auf deren Grundlage die f\u00fcr die Datenverarbeitung Verantwortlichen ihre Entscheidungen im Verfahren zur Bestimmung der f\u00fcr den jeweiligen Zweck erforderlichen H\u00f6chstdauer der Verarbeitung personenbezogener Daten sowie im Verfahren zur L\u00f6schung, Vernichtung und Anonymisierung personenbezogener Daten treffen.<\/td>\n<\/tr>\n<tr>\n<td valign=\"top\"><b>L\u00f6schung personenbezogener Daten<\/b><b><\/b><\/td>\n<td valign=\"top\">Unter L\u00f6schung personenbezogener Daten versteht man den Vorgang, bei dem personenbezogene Daten f\u00fcr die betreffenden Benutzer in jeglicher Weise unzug\u00e4nglich und wiederverwendbar gemacht werden.<\/td>\n<\/tr>\n<tr>\n<td valign=\"top\"><b>Vernichtung personenbezogener Daten<\/b><b><\/b><\/td>\n<td valign=\"top\">Unter der Vernichtung personenbezogener Daten versteht man den Vorgang, bei dem personenbezogene Daten f\u00fcr jedermann unzug\u00e4nglich, unumkehrbar und wiederverwendbar gemacht werden.<\/td>\n<\/tr>\n<tr>\n<td valign=\"top\"><b>Auftragsverarbeiter<\/b><b><\/b><\/td>\n<td valign=\"top\">Eine nat\u00fcrliche oder juristische Person, die personenbezogene Daten im Auftrag des f\u00fcr die Verarbeitung Verantwortlichen auf Grundlage der vom f\u00fcr die Verarbeitung Verantwortlichen erteilten Befugnis verarbeitet.<\/td>\n<\/tr>\n<tr>\n<td valign=\"top\"><b>Datenaufzeichnungssystem<\/b><b><\/b><\/td>\n<td valign=\"top\">Darunter versteht man das Erfassungssystem, in dem personenbezogene Daten nach bestimmten Kriterien strukturiert und verarbeitet werden.<\/td>\n<\/tr>\n<tr>\n<td valign=\"top\"><b>Verantwortlicher<\/b><b><\/b><\/td>\n<td valign=\"top\">Die nat\u00fcrliche oder juristische Person, die \u00fcber die Zwecke und Mittel der Verarbeitung personenbezogener Daten entscheidet und f\u00fcr die Einrichtung und Verwaltung des Datenerfassungssystems verantwortlich ist.<\/td>\n<\/tr>\n<tr>\n<td valign=\"top\"><b>Informationssystem des Registers der Datenverantwortlichen<\/b><b><\/b><\/td>\n<td valign=\"top\">Das vom Vorsitz erstellte und verwaltete Informationssystem ist \u00fcber das Internet zug\u00e4nglich und kann von den f\u00fcr die Datenverarbeitung Verantwortlichen bei der Anmeldung beim Register und anderen relevanten Transaktionen im Zusammenhang mit dem Register verwendet werden.<\/td>\n<\/tr>\n<tr>\n<td valign=\"top\"><b>Verbis<\/b><b><\/b><\/td>\n<td valign=\"top\">Informationssystem des Registers der Datenverantwortlichen<\/td>\n<\/tr>\n<tr>\n<td valign=\"top\"><b>Vorschriften<\/b><b><\/b><\/td>\n<td valign=\"top\">Verordnung \u00fcber die L\u00f6schung, Vernichtung oder Anonymisierung personenbezogener Daten, ver\u00f6ffentlicht im Amtsblatt vom 28. Oktober 2017<\/td>\n<\/tr>\n<\/tbody>\n<\/table>\n<ol start=\"2\">\n<li><b>AUFNAHMEMEDIEN<\/b><\/li>\n<\/ol>\n<table cellspacing=\"0\" cellpadding=\"0\">\n<tbody>\n<tr>\n<td valign=\"top\"><b>ELEKTRONISCHE MEDIEN<\/b><b><\/b><\/td>\n<td valign=\"top\"><b>NICHT-ELEKTRONISCHE MEDIEN<\/b><b><\/b><\/td>\n<\/tr>\n<tr>\n<td valign=\"top\">Server (Dom\u00e4ne, Backup, E-Mail, Datenbank, Web, Filesharing usw.)<\/p>\n<ul>\n<li>Software (B\u00fcrosoftware, Portal, EBYS, VERBIS.)<\/li>\n<li>Ger\u00e4te zur Informationssicherheit (Firewall, Angriffserkennung und -pr\u00e4vention, Protokolldatei, Antivirus usw.)<\/li>\n<li>Personalcomputer (Desktop, Laptop)<\/li>\n<li>Mobile Ger\u00e4te (Telefon, Tablet usw.)<\/li>\n<li>Optische Datentr\u00e4ger (CD, DVD usw.)<span class=\"Apple-converted-space\">\u00a0<\/span><\/li>\n<li>Wechselspeicher (USB, Speicherkarte usw.)<\/li>\n<li>Drucker, Scanner, Kopierer<\/li>\n<\/ul>\n<\/td>\n<td valign=\"top\">\n<ul>\n<li>Papier<\/li>\n<li>Manuelle Datenerfassungssysteme (Befragungsb\u00f6gen, Besucherbuch)<\/li>\n<li>Schriftliche, gedruckte und visuelle Medien<\/li>\n<\/ul>\n<\/td>\n<\/tr>\n<\/tbody>\n<\/table>\n<ol start=\"3\">\n<li><b>ERL\u00c4UTERUNGEN ZUR LAGERUNG UND VERNICHTUNG<\/b><\/li>\n<\/ol>\n<p>Von der Isotec Energy Joint Stock Company; Personenbezogene Daten von Mitarbeitern, Bewerbern, Besuchern und Mitarbeitern von Drittparteien, Institutionen oder Organisationen, mit denen wir als Dienstleister in Beziehung stehen, werden gem\u00e4\u00df den gesetzlichen Bestimmungen gespeichert und vernichtet.<\/p>\n<p>In diesem Zusammenhang werden nachfolgend jeweils detaillierte Erl\u00e4uterungen zur Aufbewahrung und Vernichtung gegeben.<\/p>\n<ol>\n<li style=\"list-style-type: none;\">\n<ol>\n<li><b>Zwecke der Speicherung<\/b><\/li>\n<\/ol>\n<\/li>\n<\/ol>\n<p>Der Begriff der Verarbeitung personenbezogener Daten ist in Artikel 3 des Gesetzes definiert. Artikel 4 besagt, dass die verarbeiteten personenbezogenen Daten im Zusammenhang mit dem Verarbeitungszweck stehen m\u00fcssen, begrenzt und verh\u00e4ltnism\u00e4\u00dfig sein m\u00fcssen und f\u00fcr den in der einschl\u00e4gigen Gesetzgebung festgelegten Zeitraum gespeichert werden m\u00fcssen oder f\u00fcr den Zweck, f\u00fcr den sie verarbeitet werden, erforderlich sind. In den Artikeln 5 und 6 sind die Bedingungen f\u00fcr die Verarbeitung personenbezogener Daten aufgef\u00fchrt. Dementsprechend werden personenbezogene Daten im Rahmen der Aktivit\u00e4ten unseres Unternehmens f\u00fcr einen in der einschl\u00e4gigen Gesetzgebung festgelegten Zeitraum oder gem\u00e4\u00df unseren Verarbeitungszwecken gespeichert.<\/p>\n<ol>\n<li style=\"list-style-type: none;\">\n<ol>\n<li style=\"list-style-type: none;\">\n<ol>\n<li><b> 3.1.1.Rechtliche Gr\u00fcnde f\u00fcr die Speicherung<\/b><\/li>\n<\/ol>\n<\/li>\n<\/ol>\n<\/li>\n<\/ol>\n<p>Personenbezogene Daten, die im Rahmen der T\u00e4tigkeit unseres Unternehmens verarbeitet werden, werden f\u00fcr den in den einschl\u00e4gigen Rechtsvorschriften festgelegten Zeitraum gespeichert. In diesem Zusammenhang werden personenbezogene Daten erhoben;<\/p>\n<ul>\n<li>Gesetz zum Schutz personenbezogener Daten Nr. 6698,<\/li>\n<li>T\u00fcrkisches Obligationenrecht Nr. 6098,<\/li>\n<li>Sozialversicherungs- und allgemeines Krankenversicherungsgesetz Nr. 5510,<\/li>\n<li>Gesetz Nr. 5651 zur Regulierung von Ver\u00f6ffentlichungen im Internet und zur Bek\u00e4mpfung von Straftaten, die durch diese Ver\u00f6ffentlichungen begangen werden,<\/li>\n<li>Gesetz Nr. 6361 \u00fcber Gesundheit und Sicherheit am Arbeitsplatz,<\/li>\n<li>Gesetz Nr. 4982 \u00fcber Informationen,<\/li>\n<li>Gesetz Nr. 3071 \u00fcber die Aus\u00fcbung des Petitionsrechts,<\/li>\n<li>Arbeitsgesetz Nr. 4857,<\/li>\n<li>Hochschulgesetz Nr. 2547,<\/li>\n<li>Sozialdienstgesetz Nr. 2828<\/li>\n<li>Verordnung \u00fcber Gesundheits- und Sicherheitsma\u00dfnahmen in Arbeitsst\u00e4ttengeb\u00e4uden und Nebengeb\u00e4uden,<\/li>\n<li>Verordnung \u00fcber Archivdienste<\/li>\n<li>Die Speicherung erfolgt f\u00fcr die Dauer der in anderen nachgeordneten Vorschriften vorgesehenen Aufbewahrungsfristen gem\u00e4\u00df diesen Gesetzen.<\/li>\n<\/ul>\n<ol start=\"3\">\n<li style=\"list-style-type: none;\">\n<ol>\n<li style=\"list-style-type: none;\">\n<ol start=\"2\">\n<li><b>Verarbeitungszwecke, die eine Speicherung erfordern<\/b><\/li>\n<\/ol>\n<\/li>\n<\/ol>\n<\/li>\n<\/ol>\n<p>Unser Unternehmen speichert die im Rahmen seiner T\u00e4tigkeit verarbeiteten personenbezogenen Daten zu folgenden Zwecken.<\/p>\n<ul>\n<li>Zur Durchf\u00fchrung von Personalprozessen.<\/li>\n<li>Zur Sicherstellung der Unternehmenskommunikation.<\/li>\n<li>Um die Sicherheit des Unternehmens zu gew\u00e4hrleisten,<\/li>\n<li>Statistische Studien durchf\u00fchren k\u00f6nnen.<\/li>\n<li>Um aufgrund unterzeichneter Vertr\u00e4ge und Protokolle Arbeiten und Transaktionen durchf\u00fchren zu k\u00f6nnen.<\/li>\n<li>Im Rahmen von VERBIS, um die Pr\u00e4ferenzen und Bed\u00fcrfnisse von Mitarbeitern, Verantwortlichen, Ansprechpartnern, Vertretern der Verantwortlichen und Auftragsverarbeitern zu ermitteln, die bereitgestellten Dienste entsprechend zu gestalten und gegebenenfalls zu aktualisieren.<\/li>\n<li>Zur Gew\u00e4hrleistung der Erf\u00fcllung gesetzlicher Verpflichtungen, soweit dies gesetzlich erforderlich oder vorgeschrieben ist.<\/li>\n<li>Um nat\u00fcrliche\/juristische Personen zu kontaktieren, die Gesch\u00e4ftsbeziehungen mit dem Unternehmen unterhalten.<\/li>\n<li>Um rechtliche Berichte zu erstellen.<\/li>\n<li>Verwalten von Callcenter-Prozessen.<\/li>\n<li>Die Beweislast als Beweismittel bei k\u00fcnftigen Rechtsstreitigkeiten.<\/li>\n<\/ul>\n<ol start=\"3\">\n<li style=\"list-style-type: none;\">\n<ol start=\"2\">\n<li><b>Gr\u00fcnde f\u00fcr die Vernichtung<\/b><\/li>\n<\/ol>\n<\/li>\n<\/ol>\n<p>Personenbezogene Daten;<\/p>\n<ul>\n<li>\u00c4nderung oder Aufhebung der einschl\u00e4gigen Rechtsvorschriften, die der Verarbeitung zugrunde liegen,<\/li>\n<li>Der Zweck der Verarbeitung oder Speicherung entf\u00e4llt,<\/li>\n<li>In F\u00e4llen, in denen personenbezogene Daten nur auf Grundlage einer ausdr\u00fccklichen Einwilligung verarbeitet werden, muss die betroffene Person ihre ausdr\u00fcckliche Einwilligung widerrufen.<\/li>\n<li>Das Unternehmen akzeptiert den Antrag der betreffenden Person auf L\u00f6schung und Vernichtung ihrer personenbezogenen Daten im Rahmen ihrer Rechte gem\u00e4\u00df Artikel 11 des Gesetzes.<\/li>\n<li>In F\u00e4llen, in denen das Unternehmen den Antrag der betreffenden Person auf L\u00f6schung, Vernichtung oder Anonymisierung ihrer personenbezogenen Daten ablehnt, die Antwort f\u00fcr unzureichend h\u00e4lt oder nicht innerhalb der gesetzlich vorgeschriebenen Frist antwortet; Um eine Beschwerde beim Vorstand einzureichen und diesen Antrag vom Vorstand genehmigen zu lassen,<\/li>\n<li>In F\u00e4llen, in denen die maximale Dauer, f\u00fcr die personenbezogene Daten gespeichert werden m\u00fcssen, abgelaufen ist und keine Bedingungen vorliegen, die eine Speicherung personenbezogener Daten f\u00fcr einen l\u00e4ngeren Zeitraum rechtfertigen w\u00fcrden, wird unser Unternehmen die Daten auf Anfrage der betroffenen Person l\u00f6schen, vernichten oder von Amts wegen l\u00f6schen, vernichten oder anonymisieren.<\/li>\n<\/ul>\n<ol start=\"4\">\n<li><b>TECHNISCHE UND ADMINISTRATIVE MASSNAHMEN<\/b><\/li>\n<\/ol>\n<p>Um personenbezogene Daten sicher zu speichern, unrechtm\u00e4\u00dfige Verarbeitung und Zugriff zu verhindern und personenbezogene Daten rechtm\u00e4\u00dfig zu vernichten, ergreift unser Unternehmen im Rahmen der vom Vorstand festgelegten und angek\u00fcndigten ausreichenden Ma\u00dfnahmen technische und administrative Ma\u00dfnahmen f\u00fcr besondere personenbezogene Daten gem\u00e4\u00df Artikel 12 des Gesetzes und Artikel 6 Absatz 4 des Gesetzes.<\/p>\n<ol>\n<li style=\"list-style-type: none;\">\n<ol>\n<li><b>Technische Ma\u00dfnahmen<\/b><\/li>\n<\/ol>\n<\/li>\n<\/ol>\n<p>Die technischen Ma\u00dfnahmen, die das Unternehmen hinsichtlich der von ihm verarbeiteten personenbezogenen Daten ergreift, sind nachstehend aufgef\u00fchrt:<\/p>\n<ul>\n<li>Penetrationstests werden eingesetzt, um etwaige Risiken, Bedrohungen, Schwachstellen und L\u00fccken in den Informationssystemen unseres Unternehmens zu identifizieren und die notwendigen Vorkehrungen zu treffen.<\/li>\n<li>Durch Echtzeitanalysen mit Informationssicherheitsvorfallmanagement werden Risiken und Bedrohungen, die die Kontinuit\u00e4t von Informationssystemen beeintr\u00e4chtigen, st\u00e4ndig \u00fcberwacht.<\/li>\n<li>Der Zugriff auf Informationssysteme und die Autorisierung der Benutzer erfolgen \u00fcber Sicherheitsrichtlinien \u00fcber die Zugriffs- und Autorisierungsmatrix und das Active Directory des Unternehmens.<\/li>\n<li>F\u00fcr die physische Sicherheit der IT-Systeme, Ger\u00e4te, Software und Daten des Unternehmens werden die notwendigen Ma\u00dfnahmen ergriffen.<\/li>\n<li>Um die Sicherheit von Informationssystemen vor Umgebungsbedrohungen zu gew\u00e4hrleisten, werden Hardware- (Zugangskontrollsystem, das sicherstellt, dass nur autorisiertes Personal den Systemraum betritt, 24\/7-\u00dcberwachungssystem, Gew\u00e4hrleistung der physischen Sicherheit der Edge-Switches, aus denen das lokale Netzwerk besteht, Feuerl\u00f6schsystem, Klimaanlage usw.) und Software-Ma\u00dfnahmen (Firewalls, Intrusion Prevention-Systeme, Netzwerkzugriffskontrolle, Systeme zum Blockieren von Malware usw.) ergriffen.<\/li>\n<li>Es werden Risiken zur Verhinderung einer unrechtm\u00e4\u00dfigen Verarbeitung personenbezogener Daten ermittelt, geeignete technische Ma\u00dfnahmen gegen diese Risiken ergriffen und technische Kontrollen hinsichtlich der ergriffenen Ma\u00dfnahmen durchgef\u00fchrt.<\/li>\n<li>Innerhalb des Unternehmens werden Zugriffsverfahren eingerichtet und Berichts- und Analysestudien zum Zugriff auf personenbezogene Daten durchgef\u00fchrt.<\/li>\n<li>Der Zugriff auf Speicherbereiche mit personenbezogenen Daten wird protokolliert und unberechtigte Zugriffe oder Zugriffsversuche werden unter Kontrolle gehalten.<\/li>\n<li>Das Unternehmen ergreift die erforderlichen Ma\u00dfnahmen, um sicherzustellen, dass gel\u00f6schte personenbezogene Daten f\u00fcr die betreffenden Benutzer unzug\u00e4nglich und nicht wiederverwendbar sind.<\/li>\n<li>F\u00fcr den Fall, dass personenbezogene Daten von anderen unrechtm\u00e4\u00dfig erlangt werden, hat das Unternehmen ein entsprechendes System und eine entsprechende Infrastruktur eingerichtet, um diese Situation der betreffenden Person und dem Vorstand zu melden.<\/li>\n<li>Sicherheitsl\u00fccken werden \u00fcberwacht, entsprechende Sicherheitspatches werden installiert und Informationssysteme werden auf dem neuesten Stand gehalten.<\/li>\n<li>In elektronischen Umgebungen, in denen personenbezogene Daten verarbeitet werden, werden sichere Passw\u00f6rter verwendet.<\/li>\n<li>In elektronischen Umgebungen, in denen personenbezogene Daten verarbeitet werden, werden sichere Aufzeichnungssysteme (Protokollierungssysteme) verwendet.<\/li>\n<li>Zur sicheren Speicherung personenbezogener Daten werden Datensicherungsprogramme eingesetzt.<\/li>\n<li>Der Zugriff auf personenbezogene Daten, die auf elektronischen oder nicht elektronischen Medien gespeichert sind, ist gem\u00e4\u00df den Zugriffsgrunds\u00e4tzen beschr\u00e4nkt.<\/li>\n<li>Der Zugriff auf die Website des Unternehmens wird mit dem SHA 256 Bit RSA-Algorithmus unter Verwendung des sicheren Protokolls (HTTPS) verschl\u00fcsselt.<\/li>\n<li>F\u00fcr die Sicherheit besonderer personenbezogener Daten wurde eine gesonderte Richtlinie festgelegt.<\/li>\n<li>Die an besonderen Verarbeitungsprozessen personenbezogener Daten beteiligten Mitarbeiter wurden zum Thema besondere Sicherheit personenbezogener Daten geschult, Vertraulichkeitsvereinbarungen getroffen und die Befugnisse der zum Zugriff auf die Daten berechtigten Benutzer festgelegt.<\/li>\n<li>Elektronische Umgebungen, in denen sensible personenbezogene Daten verarbeitet, gespeichert und\/oder abgerufen werden, sind durch kryptografische Methoden gesch\u00fctzt, kryptografische Schl\u00fcssel werden in sicheren Umgebungen aufbewahrt, alle Transaktionsaufzeichnungen werden protokolliert, Sicherheitsupdates der Umgebungen werden st\u00e4ndig \u00fcberwacht, notwendige Sicherheitstests werden regelm\u00e4\u00dfig durchgef\u00fchrt\/durchgef\u00fchrt, Testergebnisse werden aufgezeichnet,<\/li>\n<li>F\u00fcr die physischen Umgebungen, in denen sensible personenbezogene Daten verarbeitet, gespeichert und\/oder abgerufen werden, werden angemessene Sicherheitsma\u00dfnahmen ergriffen und durch die Gew\u00e4hrleistung der physischen Sicherheit wird ein unbefugtes Betreten und Verlassen verhindert.<\/li>\n<li>Wenn besondere personenbezogene Daten per E-Mail \u00fcbermittelt werden m\u00fcssen, erfolgt die \u00dcbermittlung verschl\u00fcsselt \u00fcber eine Firmen-E-Mail-Adresse oder ein KEP-Konto. Wenn die \u00dcbertragung \u00fcber Medien wie tragbare Speichermedien, CDs oder DVDs erfolgen muss, wird sie mithilfe kryptografischer Methoden verschl\u00fcsselt und der kryptografische Schl\u00fcssel auf einem anderen Medium gespeichert. Wenn eine \u00dcbertragung zwischen Servern in unterschiedlichen physischen Umgebungen erfolgt, wird die Daten\u00fcbertragung durch die Einrichtung eines VPN zwischen den Servern oder durch Verwendung der sFTP-Methode durchgef\u00fchrt. Ist eine \u00dcbermittlung in Papierform erforderlich, werden die notwendigen Vorkehrungen gegen Risiken wie Diebstahl, Verlust oder Einsichtnahme durch Unbefugte getroffen und das Dokument in einem \u201evertraulichen\u201c Format \u00fcbermittelt.<\/li>\n<\/ul>\n<ol start=\"4\">\n<li style=\"list-style-type: none;\">\n<ol start=\"2\">\n<li><b>Verwaltungsma\u00dfnahmen<\/b><\/li>\n<\/ol>\n<\/li>\n<\/ol>\n<p>Die vom Unternehmen ergriffenen Verwaltungsma\u00dfnahmen in Bezug auf die von ihm verarbeiteten personenbezogenen Daten sind nachstehend aufgef\u00fchrt:<\/p>\n<ul>\n<li>Es werden Schulungen zur Verhinderung der unrechtm\u00e4\u00dfigen Verarbeitung personenbezogener Daten, zur Verhinderung des unrechtm\u00e4\u00dfigen Zugriffs auf personenbezogene Daten, zum Schutz personenbezogener Daten, zu Kommunikationstechniken, technischen Kenntnissen und F\u00e4higkeiten, zum Gesetz Nr. 657 und anderen relevanten Gesetzen zur Verbesserung der Qualifikation der Mitarbeiter angeboten.<\/li>\n<li>Die Mitarbeiter sind verpflichtet, Vertraulichkeitsvereinbarungen hinsichtlich der vom Unternehmen durchgef\u00fchrten Aktivit\u00e4ten zu unterzeichnen.<\/li>\n<li>F\u00fcr Mitarbeiter, die die Sicherheitsrichtlinien und -verfahren nicht einhalten, wurden Disziplinarverfahren vorbereitet.<\/li>\n<li>Vor der Verarbeitung personenbezogener Daten ist das Unternehmen verpflichtet, die betroffenen Personen zu informieren.<\/li>\n<li>Es wurde ein Verzeichnis der Verarbeitung personenbezogener Daten erstellt.<\/li>\n<li>Es werden regelm\u00e4\u00dfig und stichprobenartig Audits im Unternehmen durchgef\u00fchrt.<\/li>\n<li>Den Mitarbeitern werden Schulungen zur Informationssicherheit angeboten.<\/li>\n<\/ul>\n<ol start=\"5\">\n<li><b>TECHNIKEN ZUR VERNICHTUNG PERS\u00d6NLICHER DATEN<\/b><\/li>\n<\/ol>\n<p>Nach Ablauf der gesetzlich vorgeschriebenen Aufbewahrungsfrist oder des Verarbeitungszwecks werden die personenbezogenen Daten vom Unternehmen entweder von Amts wegen oder auf Antrag der betroffenen Person unter Anwendung der nachstehend beschriebenen Techniken und im Einklang mit der geltenden Gesetzgebung vernichtet.<\/p>\n<ol>\n<li style=\"list-style-type: none;\">\n<ol>\n<li><b>L\u00f6schung personenbezogener Daten<\/b><\/li>\n<\/ol>\n<\/li>\n<\/ol>\n<table cellspacing=\"0\" cellpadding=\"0\">\n<tbody>\n<tr>\n<td valign=\"top\"><b>Datenaufzeichnungsumgebung<\/b><b><\/b><\/td>\n<td valign=\"top\"><b>Aussage<\/b><b><\/b><\/td>\n<\/tr>\n<tr>\n<td valign=\"top\">Befindet sich auf Servern<\/p>\n<p>Personenbezogene Daten<\/td>\n<td valign=\"top\">Bei personenbezogenen Daten auf den Servern, deren Speicherdauer abgelaufen ist, erfolgt die L\u00f6schung der Daten durch den Systemadministrator, indem er den entsprechenden Benutzern die Zugriffsrechte entzieht.<\/td>\n<\/tr>\n<tr>\n<td valign=\"top\">Platz in der elektronischen Umgebung<\/p>\n<p>Feld \u201ePersonenbezogene Daten\u201c<\/td>\n<td valign=\"top\">Personenbezogene Daten auf elektronischen Medien, deren Speicherdauer abgelaufen ist, werden f\u00fcr Mitarbeiter (relevante Benutzer) mit Ausnahme des Datenbankadministrators unzug\u00e4nglich gemacht und k\u00f6nnen nicht wiederverwendet werden.<\/td>\n<\/tr>\n<tr>\n<td valign=\"top\">In der physischen Umgebung lokalisiert<\/p>\n<p>Personenbezogene Daten<\/td>\n<td valign=\"top\">In einer physischen Umgebung aufbewahrte personenbezogene Daten, deren Aufbewahrungsfrist abgelaufen ist, werden f\u00fcr andere Mitarbeiter als den f\u00fcr das Dokumentenarchiv zust\u00e4ndigen Abteilungsleiter unzug\u00e4nglich gemacht und k\u00f6nnen nicht wiederverwendet werden. Dar\u00fcber hinaus wird auch der Prozess des Abdunkelns durch Zeichnen\/Malen\/Radieren angewendet, sodass es nicht mehr lesbar ist.<\/td>\n<\/tr>\n<tr>\n<td valign=\"top\">Auf tragbaren Medien<\/p>\n<p>Pers\u00f6nliche Daten gefunden<\/td>\n<td valign=\"top\">Auf Flash-basierten Speichermedien gespeicherte personenbezogene Daten, deren Aufbewahrungsfrist abgelaufen ist, werden vom Systemadministrator verschl\u00fcsselt und in sicheren Umgebungen mit Verschl\u00fcsselungsschl\u00fcsseln gespeichert, wobei nur der Systemadministrator Zugriffsberechtigungen erh\u00e4lt.<\/td>\n<\/tr>\n<\/tbody>\n<\/table>\n<ol>\n<li style=\"list-style-type: none;\">\n<ol start=\"2\">\n<li><b>Vernichtung personenbezogener Daten<\/b><\/li>\n<\/ol>\n<\/li>\n<\/ol>\n<table cellspacing=\"0\" cellpadding=\"0\">\n<tbody>\n<tr>\n<td valign=\"top\"><b>Datenaufzeichnungsumgebung<\/b><b><\/b><\/td>\n<td valign=\"top\"><b>Aussage<\/b><b><\/b><\/td>\n<\/tr>\n<tr>\n<td valign=\"top\">In der physischen Umgebung lokalisiert<\/p>\n<p>Personenbezogene Daten<\/td>\n<td valign=\"top\">Personenbezogene Daten auf Papier, deren Aufbewahrungsdauer abgelaufen ist, werden im Aktenvernichter unwiederbringlich vernichtet.<\/td>\n<\/tr>\n<tr>\n<td valign=\"top\">Auf optischen\/magnetischen Medien<\/p>\n<p>Enthaltene personenbezogene Daten<\/td>\n<td valign=\"top\">Abgelaufene personenbezogene Daten auf optischen und magnetischen Datentr\u00e4gern werden durch Schmelzen, Verbrennen oder Pulverisieren physikalisch vernichtet. Dar\u00fcber hinaus werden magnetische Medien durch das Durchlaufen eines speziellen Ger\u00e4ts einem hohen Magnetfeld ausgesetzt, wodurch die darauf gespeicherten Daten unlesbar werden.<\/td>\n<\/tr>\n<\/tbody>\n<\/table>\n<ol>\n<li style=\"list-style-type: none;\">\n<ol start=\"3\">\n<li><b>Anonymisierung personenbezogener Daten<\/b><\/li>\n<\/ol>\n<\/li>\n<\/ol>\n<p>Unter Anonymisierung personenbezogener Daten versteht man, dass personenbezogene Daten \u2013 auch bei Zusammenf\u00fchrung mit anderen Daten \u2013 in keiner Weise einer identifizierten oder identifizierbaren nat\u00fcrlichen Person zugeordnet werden k\u00f6nnen.<\/p>\n<p>Um personenbezogene Daten zu anonymisieren; Personenbezogene Daten m\u00fcssen so gestaltet sein, dass sie nicht einer identifizierten oder identifizierbaren nat\u00fcrlichen Person zugeordnet werden k\u00f6nnen. Dies gilt auch durch den Einsatz von Techniken, die dem Aufzeichnungsmedium und dem jeweiligen T\u00e4tigkeitsbereich angemessen sind, wie etwa die R\u00fcckgabe personenbezogener Daten durch den Verantwortlichen oder Dritte und\/oder die Zusammenf\u00fchrung der Daten mit anderen Daten.<\/p>\n<ol start=\"7\">\n<li><b>Aufbewahrungs- und Vernichtungsfristen<\/b><\/li>\n<\/ol>\n<p>In Bezug auf die personenbezogenen Daten, die das Unternehmen im Rahmen seiner Aktivit\u00e4ten verarbeitet;<\/p>\n<ul>\n<li>Die Aufbewahrungsfristen f\u00fcr alle personenbezogenen Daten im Rahmen der gem\u00e4\u00df den Prozessen durchgef\u00fchrten T\u00e4tigkeiten sind im Verzeichnis der Verarbeitung personenbezogener Daten aufgef\u00fchrt;<\/li>\n<li>Die Aufbewahrungsfristen nach Datenkategorien werden bei der Registrierung bei VERBIS festgelegt;<\/li>\n<li>Prozessbasierte Aufbewahrungsfristen sind in der Richtlinie zur Aufbewahrung und Vernichtung personenbezogener Daten enthalten.<\/li>\n<\/ul>\n<p>Bei Bedarf werden Aktualisierungen der jeweiligen Speicherfristen durch die Abteilung Datenmanagement vorgenommen.<\/p>\n<p>Die L\u00f6schung, Vernichtung oder Anonymisierung personenbezogener Daten, deren Aufbewahrungsfrist abgelaufen ist, erfolgt von Amts wegen durch die Abteilung Datensicherheit und Informationssysteme.<\/p>\n<table cellspacing=\"0\" cellpadding=\"0\">\n<tbody>\n<tr>\n<td valign=\"top\"><b>ZEITRAUM<\/b><b><\/b><\/td>\n<td valign=\"top\"><b>Speicherdauer<\/b><b><\/b><\/td>\n<td valign=\"top\"><b>ZERST\u00d6RUNGSZEITRAUM<\/b><b><\/b><\/td>\n<\/tr>\n<tr>\n<td valign=\"top\">Verfahren des Vorstands<\/td>\n<td valign=\"top\">10 Jahre<\/td>\n<td valign=\"top\">W\u00e4hrend der ersten periodischen Vernichtungsperiode nach dem Ende der Aufbewahrungsfrist<\/td>\n<\/tr>\n<tr>\n<td valign=\"top\">Vertragsgestaltung<\/td>\n<td valign=\"top\">10 Jahre nach Vertragsende<\/td>\n<td valign=\"top\">W\u00e4hrend der ersten periodischen Vernichtungsperiode nach dem Ende der Aufbewahrungsfrist<\/td>\n<\/tr>\n<tr>\n<td valign=\"top\">Durchf\u00fchrung von Unternehmenskommunikationsaktivit\u00e4ten<\/td>\n<td valign=\"top\">10 Jahre nach Beendigung der T\u00e4tigkeit<\/td>\n<td valign=\"top\">W\u00e4hrend der ersten periodischen Vernichtungsperiode nach dem Ende der Aufbewahrungsfrist<\/td>\n<\/tr>\n<tr>\n<td valign=\"top\">Personalwesen<\/p>\n<p>Ausf\u00fchrung von Prozessen<\/td>\n<td valign=\"top\">10 Jahre nach Beendigung der T\u00e4tigkeit<\/td>\n<td valign=\"top\">W\u00e4hrend der ersten periodischen Vernichtungsperiode nach dem Ende der Aufbewahrungsfrist<\/td>\n<\/tr>\n<tr>\n<td valign=\"top\">Systeme zur Protokollaufzeichnungsverfolgung<\/td>\n<td valign=\"top\">10 Jahre<\/td>\n<td valign=\"top\">W\u00e4hrend der ersten periodischen Vernichtungsperiode nach dem Ende der Aufbewahrungsfrist<\/td>\n<\/tr>\n<tr>\n<td valign=\"top\">Durchf\u00fchrung von Hard- und Softwarezugriffsprozessen<\/td>\n<td valign=\"top\">2 Jahre<\/td>\n<td valign=\"top\">W\u00e4hrend der ersten periodischen Vernichtungsperiode nach dem Ende der Aufbewahrungsfrist<\/td>\n<\/tr>\n<tr>\n<td valign=\"top\">Registrierung von Besuchern und Tagungsteilnehmern<\/td>\n<td valign=\"top\">2 Jahre nach Ende der Veranstaltung<\/td>\n<td valign=\"top\">W\u00e4hrend der ersten periodischen Vernichtungsperiode nach dem Ende der Aufbewahrungsfrist<\/td>\n<\/tr>\n<tr>\n<td valign=\"top\">Kameraaufzeichnungen<\/td>\n<td valign=\"top\">3 Monate<\/td>\n<td valign=\"top\">W\u00e4hrend der ersten periodischen Vernichtungsperiode nach dem Ende der Aufbewahrungsfrist<\/td>\n<\/tr>\n<\/tbody>\n<\/table>\n<ol start=\"9\">\n<li><b>Periodische Vernichtungsperioden<\/b><\/li>\n<\/ol>\n<p>Das Unternehmen vernichtet personenbezogene Daten, deren Aufbewahrungsfrist abgelaufen ist, innerhalb von 6 Monaten ab dem Datum des Ablaufs der Aufbewahrungsfrist.<\/p>\n<p><span style=\"font-family: helvetica, arial, sans-serif;\"><b>\u00a0<\/b><\/span><\/p>","protected":false},"excerpt":{"rendered":"<p>DATENSCHUTZERKL\u00c4RUNG DES ANONYMEN UNTERNEHMENS ISOTEC ENERGY IM RAHMEN DES GESETZES ZUM SCHUTZ PERSONENBEZOGENER DATEN Diese Datenschutzrichtlinie wurde vom anonymen Unternehmen ISOTEC Energy (\u201eUnternehmen\u201c) im Rahmen des Gesetzes Nr. 6698 zum Schutz personenbezogener Daten erstellt und gilt w\u00e4hrend der Nutzung der Inhalte auf der offiziellen Website des Unternehmens www.isotec.com.tr (\u201eWebsite\u201c) durch Benutzer, Besucher, Mitglieder und andere Personen (\u201eBenutzer oder verbundene Person\u201c).<\/p>","protected":false},"author":13,"featured_media":0,"parent":105,"menu_order":0,"comment_status":"closed","ping_status":"closed","template":"","meta":{"content-type":"","footnotes":""},"class_list":["post-49127","page","type-page","status-publish","hentry"],"yoast_head":"<!-- This site is optimized with the Yoast SEO plugin v26.9 - https:\/\/yoast.com\/product\/yoast-seo-wordpress\/ -->\n<title>KVKK - ISOTEC Solar Montaj Sistemleri<\/title>\n<meta name=\"description\" content=\"\u0130sotec KVKK\" \/>\n<meta name=\"robots\" content=\"index, follow, max-snippet:-1, max-image-preview:large, max-video-preview:-1\" \/>\n<link rel=\"canonical\" href=\"https:\/\/isotec.com.tr\/de\/startseite\/kvkk\/\" \/>\n<meta property=\"og:locale\" content=\"de_DE\" \/>\n<meta property=\"og:type\" content=\"article\" \/>\n<meta property=\"og:title\" content=\"KVKK - ISOTEC Solar Montaj Sistemleri\" \/>\n<meta property=\"og:description\" content=\"\u0130sotec KVKK\" \/>\n<meta property=\"og:url\" content=\"https:\/\/isotec.com.tr\/de\/startseite\/kvkk\/\" \/>\n<meta property=\"og:site_name\" content=\"ISOTEC Solar Montaj Sistemleri\" \/>\n<meta property=\"article:publisher\" content=\"https:\/\/www.facebook.com\/isotec.enerji\/\" \/>\n<meta property=\"article:modified_time\" content=\"2025-03-14T05:14:35+00:00\" \/>\n<meta name=\"twitter:card\" content=\"summary_large_image\" \/>\n<meta name=\"twitter:label1\" content=\"Gesch\u00e4tzte Lesezeit\" \/>\n\t<meta name=\"twitter:data1\" content=\"40\u00a0Minuten\" \/>\n<script type=\"application\/ld+json\" class=\"yoast-schema-graph\">{\"@context\":\"https:\/\/schema.org\",\"@graph\":[{\"@type\":\"WebPage\",\"@id\":\"https:\/\/isotec.com.tr\/anasayfa\/kvkk\/\",\"url\":\"https:\/\/isotec.com.tr\/anasayfa\/kvkk\/\",\"name\":\"KVKK - ISOTEC Solar Montaj Sistemleri\",\"isPartOf\":{\"@id\":\"https:\/\/isotec.com.tr\/#website\"},\"datePublished\":\"2025-03-12T08:31:25+00:00\",\"dateModified\":\"2025-03-14T05:14:35+00:00\",\"description\":\"\u0130sotec KVKK\",\"breadcrumb\":{\"@id\":\"https:\/\/isotec.com.tr\/anasayfa\/kvkk\/#breadcrumb\"},\"inLanguage\":\"de\",\"potentialAction\":[{\"@type\":\"ReadAction\",\"target\":[\"https:\/\/isotec.com.tr\/anasayfa\/kvkk\/\"]}]},{\"@type\":\"BreadcrumbList\",\"@id\":\"https:\/\/isotec.com.tr\/anasayfa\/kvkk\/#breadcrumb\",\"itemListElement\":[{\"@type\":\"ListItem\",\"position\":1,\"name\":\"Anasayfa\",\"item\":\"https:\/\/isotec.com.tr\/anasayfa\/\"},{\"@type\":\"ListItem\",\"position\":2,\"name\":\"KVKK\"}]},{\"@type\":\"WebSite\",\"@id\":\"https:\/\/isotec.com.tr\/#website\",\"url\":\"https:\/\/isotec.com.tr\/\",\"name\":\"ISOTEC Solar Montaj Sistemleri\",\"description\":\"Gelecek nesiller i\u00e7in kal\u0131c\u0131 \u00e7\u00f6z\u00fcmler\",\"publisher\":{\"@id\":\"https:\/\/isotec.com.tr\/#organization\"},\"potentialAction\":[{\"@type\":\"SearchAction\",\"target\":{\"@type\":\"EntryPoint\",\"urlTemplate\":\"https:\/\/isotec.com.tr\/?s={search_term_string}\"},\"query-input\":{\"@type\":\"PropertyValueSpecification\",\"valueRequired\":true,\"valueName\":\"search_term_string\"}}],\"inLanguage\":\"de\"},{\"@type\":\"Organization\",\"@id\":\"https:\/\/isotec.com.tr\/#organization\",\"name\":\"ISOTEC Solar Ltd. \u015eti.\",\"url\":\"https:\/\/isotec.com.tr\/\",\"logo\":{\"@type\":\"ImageObject\",\"inLanguage\":\"de\",\"@id\":\"https:\/\/isotec.com.tr\/#\/schema\/logo\/image\/\",\"url\":\"https:\/\/isotec.com.tr\/wp-content\/uploads\/2022\/02\/isotec_solar_logo__.png\",\"contentUrl\":\"https:\/\/isotec.com.tr\/wp-content\/uploads\/2022\/02\/isotec_solar_logo__.png\",\"width\":331,\"height\":152,\"caption\":\"ISOTEC Solar Ltd. \u015eti.\"},\"image\":{\"@id\":\"https:\/\/isotec.com.tr\/#\/schema\/logo\/image\/\"},\"sameAs\":[\"https:\/\/www.facebook.com\/isotec.enerji\/\",\"https:\/\/tr.linkedin.com\/company\/isotec-enerji\"]}]}<\/script>\n<!-- \/ Yoast SEO plugin. -->","yoast_head_json":{"title":"KVKK - ISOTEC Solar Montagesysteme","description":"ISOTEC KVKK","robots":{"index":"index","follow":"follow","max-snippet":"max-snippet:-1","max-image-preview":"max-image-preview:large","max-video-preview":"max-video-preview:-1"},"canonical":"https:\/\/isotec.com.tr\/de\/startseite\/kvkk\/","og_locale":"de_DE","og_type":"article","og_title":"KVKK - ISOTEC Solar Montaj Sistemleri","og_description":"\u0130sotec KVKK","og_url":"https:\/\/isotec.com.tr\/de\/startseite\/kvkk\/","og_site_name":"ISOTEC Solar Montaj Sistemleri","article_publisher":"https:\/\/www.facebook.com\/isotec.enerji\/","article_modified_time":"2025-03-14T05:14:35+00:00","twitter_card":"summary_large_image","twitter_misc":{"Gesch\u00e4tzte Lesezeit":"40\u00a0Minuten"},"schema":{"@context":"https:\/\/schema.org","@graph":[{"@type":"WebPage","@id":"https:\/\/isotec.com.tr\/anasayfa\/kvkk\/","url":"https:\/\/isotec.com.tr\/anasayfa\/kvkk\/","name":"KVKK - ISOTEC Solar Montagesysteme","isPartOf":{"@id":"https:\/\/isotec.com.tr\/#website"},"datePublished":"2025-03-12T08:31:25+00:00","dateModified":"2025-03-14T05:14:35+00:00","description":"ISOTEC KVKK","breadcrumb":{"@id":"https:\/\/isotec.com.tr\/anasayfa\/kvkk\/#breadcrumb"},"inLanguage":"de","potentialAction":[{"@type":"ReadAction","target":["https:\/\/isotec.com.tr\/anasayfa\/kvkk\/"]}]},{"@type":"BreadcrumbList","@id":"https:\/\/isotec.com.tr\/anasayfa\/kvkk\/#breadcrumb","itemListElement":[{"@type":"ListItem","position":1,"name":"Anasayfa","item":"https:\/\/isotec.com.tr\/anasayfa\/"},{"@type":"ListItem","position":2,"name":"KVKK"}]},{"@type":"WebSite","@id":"https:\/\/isotec.com.tr\/#website","url":"https:\/\/isotec.com.tr\/","name":"ISOTEC Solar Montagesysteme","description":"Dauerhafte L\u00f6sungen f\u00fcr zuk\u00fcnftige Generationen","publisher":{"@id":"https:\/\/isotec.com.tr\/#organization"},"potentialAction":[{"@type":"SearchAction","target":{"@type":"EntryPoint","urlTemplate":"https:\/\/isotec.com.tr\/?s={search_term_string}"},"query-input":{"@type":"PropertyValueSpecification","valueRequired":true,"valueName":"search_term_string"}}],"inLanguage":"de"},{"@type":"Organization","@id":"https:\/\/isotec.com.tr\/#organization","name":"ISOTEC Solar GmbH Sti.","url":"https:\/\/isotec.com.tr\/","logo":{"@type":"ImageObject","inLanguage":"de","@id":"https:\/\/isotec.com.tr\/#\/schema\/logo\/image\/","url":"https:\/\/isotec.com.tr\/wp-content\/uploads\/2022\/02\/isotec_solar_logo__.png","contentUrl":"https:\/\/isotec.com.tr\/wp-content\/uploads\/2022\/02\/isotec_solar_logo__.png","width":331,"height":152,"caption":"ISOTEC Solar Ltd. \u015eti."},"image":{"@id":"https:\/\/isotec.com.tr\/#\/schema\/logo\/image\/"},"sameAs":["https:\/\/www.facebook.com\/isotec.enerji\/","https:\/\/tr.linkedin.com\/company\/isotec-enerji"]}]}},"yoast_meta":{"yoast_wpseo_title":"","yoast_wpseo_metadesc":"","yoast_wpseo_canonical":"https:\/\/isotec.com.tr\/de\/wp-json\/wp\/v2\/pages\/49127"},"_links":{"self":[{"href":"https:\/\/isotec.com.tr\/de\/wp-json\/wp\/v2\/pages\/49127","targetHints":{"allow":["GET"]}}],"collection":[{"href":"https:\/\/isotec.com.tr\/de\/wp-json\/wp\/v2\/pages"}],"about":[{"href":"https:\/\/isotec.com.tr\/de\/wp-json\/wp\/v2\/types\/page"}],"author":[{"embeddable":true,"href":"https:\/\/isotec.com.tr\/de\/wp-json\/wp\/v2\/users\/13"}],"replies":[{"embeddable":true,"href":"https:\/\/isotec.com.tr\/de\/wp-json\/wp\/v2\/comments?post=49127"}],"version-history":[{"count":4,"href":"https:\/\/isotec.com.tr\/de\/wp-json\/wp\/v2\/pages\/49127\/revisions"}],"predecessor-version":[{"id":49249,"href":"https:\/\/isotec.com.tr\/de\/wp-json\/wp\/v2\/pages\/49127\/revisions\/49249"}],"up":[{"embeddable":true,"href":"https:\/\/isotec.com.tr\/de\/wp-json\/wp\/v2\/pages\/105"}],"wp:attachment":[{"href":"https:\/\/isotec.com.tr\/de\/wp-json\/wp\/v2\/media?parent=49127"}],"curies":[{"name":"wp","href":"https:\/\/api.w.org\/{rel}","templated":true}]}}